{"id":1804,"date":"2015-03-09T10:34:11","date_gmt":"2015-03-09T09:34:11","guid":{"rendered":"http:\/\/demo.athemes.com\/sydney\/?page_id=8"},"modified":"2022-03-19T15:06:16","modified_gmt":"2022-03-19T14:06:16","slug":"kai-schuber-seel-theaterpaedagoge-but-in-darmstadt","status":"publish","type":"page","link":"https:\/\/www.kaischuberseel.de\/","title":{"rendered":"Kai Schuber-Seel. Theaterp\u00e4dagoge (BUT) in Darmstadt."},"content":{"rendered":"<div id=\"pl-1804\"  class=\"panel-layout\" ><div id=\"pg-1804-0\"  class=\"panel-grid panel-has-style\" ><div class=\"siteorigin-panels-stretch panel-row-style panel-row-style-for-1804-0\" style=\"padding: 100px 0; \" id=\"theaterarbeit\" data-stretch-type=\"full\" data-overlay=\"true\" data-overlay-color=\"#000000\" ><div id=\"pgc-1804-0-0\"  class=\"panel-grid-cell\" ><div id=\"panel-1804-0-0-0\" class=\"so-panel widget widget_sydney_services_type_a sydney_services_widget panel-first-child panel-last-child\" data-index=\"0\" ><div style=\"text-align: left;\" id=\"theaterarbeit\" data-title-color=\"#323232\" data-headings-color=\"#323232\" class=\"panel-widget-style panel-widget-style-for-1804-0-0-0\" >\t\t\t<h3 class=\"widget-title\">MEIN VERST\u00c4NDNIS VON THEATERARBEIT<\/h3>\r\n\t\t\t\t\t\t\t\t\t\t\t\t\t\t\t\t\t\t\t<div class=\"service col-md-4\">\r\n\t\t\t\t\t\t\t\t\t<div class=\"roll-icon-box\">\r\n\t\t\t\t\t\t\t\t\t\r\n\t\t\t\t\t\t\t<div class=\"icon\">\r\n\t\t\t\t\t\t\t\t\t\t\t\t\t\t\t\t\t<i class=\"fa fa-star\"><\/i>\t\t\t\t\t\t\t\t\t\t\t\t\t\t\t<\/div>\r\n\t\t\t\t\t\t\t\t\t\t\t\t<div class=\"content\">\r\n\t\t\t\t\t\t\t<h3>\r\n\t\t\t\t\t\t\t\t\t\t\t\t\t\t\t\t\tTheater mit Allen\t\t\t\t\t\t\t\t\t\t\t\t\t\t\t<\/h3>\r\n\t\t\t\t\t\t\t\t\t\t\t\t\t\t\t\r\n\t\t\t\t\t\t\t\t<p>Wir leben alle in einer transkulturellen Welt und in dieser habe ich die Haltung \u201eTheater mit Allen\u201c zu erm\u00f6glichen.<br \/>\nMein Name ist Kai Schuber-Seel. Ich bin verheiratet und habe einen Sohn und eine Tochter.<\/p>\n\t\t\t\t\t\t\t\t\t\t\t\t\t<\/div><!--.info-->\t\r\n\t\t\t\t\t<\/div>\r\n\t\t\t\t<\/div>\r\n\t\t\t\t\t\t\t\t\t\t\t\t\t\t\t\t\t\t\t<div class=\"service col-md-4\">\r\n\t\t\t\t\t\t\t\t\t<div class=\"roll-icon-box\">\r\n\t\t\t\t\t\t\t\t\t\r\n\t\t\t\t\t\t\t<div class=\"icon\">\r\n\t\t\t\t\t\t\t\t\t\t\t\t\t\t\t\t\t<i class=\"fa fa-comments\"><\/i>\t\t\t\t\t\t\t\t\t\t\t\t\t\t\t<\/div>\r\n\t\t\t\t\t\t\t\t\t\t\t\t<div class=\"content\">\r\n\t\t\t\t\t\t\t<h3>\r\n\t\t\t\t\t\t\t\t\t\t\t\t\t\t\t\t\tPartizipation ist mehr als nur ein Wort\t\t\t\t\t\t\t\t\t\t\t\t\t\t\t<\/h3>\r\n\t\t\t\t\t\t\t\t\t\t\t\t\t\t\t\r\n\t\t\t\t\t\t\t\t<p>Meine theater- und kulturp\u00e4dagogischen Angebote sind mit und f\u00fcr Menschen. Dabei spielen f\u00fcr mich spezielle Diskriminierungsbegriffe oder Stigmata keine Rolle.<\/p>\n<p>Jeder Mensch hat ein Recht auf die volle Beteiligung am kulturellen und k\u00fcnstlerischen Leben und deswegen m\u00f6chte ich allen interessierten Menschen die M\u00f6glichkeiten bereitstellen, ihre eigenen Themen k\u00fcnstlerisch-\u00e4sthetisch zu reflektieren und dabei den Prozess partizipativ mitzugestalten.<\/p>\n\t\t\t\t\t\t\t\t\t\t\t\t\t<\/div><!--.info-->\t\r\n\t\t\t\t\t<\/div>\r\n\t\t\t\t<\/div>\r\n\t\t\t\t\t\t\t\t\t\t\t\t\t\t\t\t\t\t\t<div class=\"service col-md-4\">\r\n\t\t\t\t\t\t\t\t\t<div class=\"roll-icon-box\">\r\n\t\t\t\t\t\t\t\t\t\r\n\t\t\t\t\t\t\t<div class=\"icon\">\r\n\t\t\t\t\t\t\t\t\t\t\t\t\t\t\t\t\t<i class=\"fa fa-user\"><\/i>\t\t\t\t\t\t\t\t\t\t\t\t\t\t\t<\/div>\r\n\t\t\t\t\t\t\t\t\t\t\t\t<div class=\"content\">\r\n\t\t\t\t\t\t\t<h3>\r\n\t\t\t\t\t\t\t\t\t\t\t\t\t\t\t\t\tBegegnung mit Allen &#8211; in all ihren Facetten\t\t\t\t\t\t\t\t\t\t\t\t\t\t\t<\/h3>\r\n\t\t\t\t\t\t\t\t\t\t\t\t\t\t\t\r\n\t\t\t\t\t\t\t\t<p>Jedes Individuum ist f\u00fcr mich wichtig. Und ich sch\u00e4tze jeden Einzelnen in der Gruppe. Mit Hilfe von Vernetzung wird meine kulturelle Arbeit facettenreicher. Ich kann mit Unterst\u00fctzung von Kooperationspartner:innen meine Theater- und Kulturangebote erweitern. Die verschiedenen Kompetenzen f\u00f6rdern alle Beteiligten und lassen sie in ihrer Ganzheitlichkeit begegnen.<\/p>\n\t\t\t\t\t\t\t\t\t\t\t\t\t<\/div><!--.info-->\t\r\n\t\t\t\t\t<\/div>\r\n\t\t\t\t<\/div>\r\n\t\t\t\r\n\t\t\t\t\t\t\t<a href=\"#vita\" class=\"roll-button more-button\">\r\n\t\t\t\t\t\t\t\t\t\t\tWEITER SCROLLEN\t\t\t\t\t\t\t\t\t<\/a>\r\n\t\t\t\t\t\t\t\r\n\t<\/div><\/div><\/div><\/div><\/div><div id=\"pg-1804-1\"  class=\"panel-grid panel-has-style\" ><div class=\"siteorigin-panels-stretch panel-row-style panel-row-style-for-1804-1\" style=\"padding: 100px 0; \" id=\"vita\" data-stretch-type=\"full\" data-overlay=\"true\" data-overlay-color=\"#000000\" ><div id=\"pgc-1804-1-0\"  class=\"panel-grid-cell\" ><div id=\"panel-1804-1-0-0\" class=\"so-panel widget widget_sydney_services_type_b sydney_services_b_widget panel-first-child panel-last-child\" data-index=\"1\" ><div style=\"text-align: left;\" data-title-color=\"#323232\" data-headings-color=\"#323232\" class=\"panel-widget-style panel-widget-style-for-1804-1-0-0\" >\t\t\t<h3 class=\"widget-title\">MEINE VITA<\/h3>\r\n\t\t\t\t<div class=\"roll-icon-list\">\r\n\t\t\t\t\t\t\t\t\t\t\t\t\t\t\t\t\t\t\t\t\t\t\t<div class=\"service clearfix \">\r\n\t\t\t\t\t\t\t<div class=\"list-item clearfix\">\r\n\t\t\t\t\t\t\t\t\t\t\t\r\n\t\t\t\t\t\t\t\t\t<div class=\"icon\">\r\n\t\t\t\t\t\t\t\t\t\t\t\t\t\t\t\t\t\t\t\t\t<i class=\"fa fa-university\"><\/i>\t\t\t\t\t\t\t\t\t\t\t\t\t\t\t\t\t\t\t<\/div>\r\n\t\t\t\t\t\t\t\t\t\t\t\t\t\t\t\t<div class=\"content\">\r\n\t\t\t\t\t\t\t\t\t<h3>\r\n\t\t\t\t\t\t\t\t\t\t\t\t\t\t\t\t\t\t\t\t\tStudium Soziale Arbeit\t\t\t\t\t\t\t\t\t\t\t\t\t\t\t\t\t\t\t<\/h3>\r\n\t\t\t\t\t\t\t\t\t\t\t\t\t\t\t\t\t\r\n\t\t\t\t\t\t\t\t\t\t<p>2003 \u2013 2007: Studium der Sozialen Arbeit mit Schwerpunkt Kulturp\u00e4dagogik an der Evangelischen Fachhochschule in Darmstadt mit dem Abschluss des Diplomsozialp\u00e4dagogen<\/p>\n\t\t\t\t\t\t\t\t\t\t\t\t\t\t\t\t\t<\/div><!--.info-->\t\r\n\t\t\t\t\t\t\t<\/div>\r\n\t\t\t\t\t\t<\/div>\r\n\t\t\t\t\t\t\t\t\t\t\t\t\t\t\t\t\t\t\t\t\t\t\t<div class=\"service clearfix \">\r\n\t\t\t\t\t\t\t<div class=\"list-item clearfix\">\r\n\t\t\t\t\t\t\t\t\t\t\t\r\n\t\t\t\t\t\t\t\t\t<div class=\"icon\">\r\n\t\t\t\t\t\t\t\t\t\t\t\t\t\t\t\t\t\t\t\t\t<i class=\"fa fa-child\"><\/i>\t\t\t\t\t\t\t\t\t\t\t\t\t\t\t\t\t\t\t<\/div>\r\n\t\t\t\t\t\t\t\t\t\t\t\t\t\t\t\t<div class=\"content\">\r\n\t\t\t\t\t\t\t\t\t<h3>\r\n\t\t\t\t\t\t\t\t\t\t\t\t\t\t\t\t\t\t\t\t\tArbeit als Theaterp\u00e4dagoge und freier Regisseur\t\t\t\t\t\t\t\t\t\t\t\t\t\t\t\t\t\t\t<\/h3>\r\n\t\t\t\t\t\t\t\t\t\t\t\t\t\t\t\t\t\r\n\t\t\t\t\t\t\t\t\t\t<p>2005: Zum ersten Mal hinter den Kulissen als Regieassistent<br \/>\nSeit ca. 2007 arbeite ich als eigenst\u00e4ndiger Theaterp\u00e4dagoge und freier Regisseur in Schulen, auf Festivals, in Kooperation u.a. mit dem Mollerhaus, dem Staatstheater Darmstadt und dem Stadttheater R\u00fcsselsheim. Ich arbeite mit verschiedenen Theatergruppen der freien Theaterszene (z. B. Theater Lakritz und theatermacher e.V.) zusammen<\/p>\n\t\t\t\t\t\t\t\t\t\t\t\t\t\t\t\t\t<\/div><!--.info-->\t\r\n\t\t\t\t\t\t\t<\/div>\r\n\t\t\t\t\t\t<\/div>\r\n\t\t\t\t\t\t\t\t\t\t\t\t\t\t\t\t\t\t\t\t\t\t\t<div class=\"service clearfix \">\r\n\t\t\t\t\t\t\t<div class=\"list-item clearfix\">\r\n\t\t\t\t\t\t\t\t\t\t\t\r\n\t\t\t\t\t\t\t\t\t<div class=\"icon\">\r\n\t\t\t\t\t\t\t\t\t\t\t\t\t\t\t\t\t\t\t\t\t<i class=\"fa fa-university\"><\/i>\t\t\t\t\t\t\t\t\t\t\t\t\t\t\t\t\t\t\t<\/div>\r\n\t\t\t\t\t\t\t\t\t\t\t\t\t\t\t\t<div class=\"content\">\r\n\t\t\t\t\t\t\t\t\t<h3>\r\n\t\t\t\t\t\t\t\t\t\t\t\t\t\t\t\t\t\t\t\t\tStudium Theaterp\u00e4dagogik\t\t\t\t\t\t\t\t\t\t\t\t\t\t\t\t\t\t\t<\/h3>\r\n\t\t\t\t\t\t\t\t\t\t\t\t\t\t\t\t\t\r\n\t\t\t\t\t\t\t\t\t\t<p>2010 \u2013 2014: Berufsbegleitendes Studium zum Theaterp\u00e4dagogen in Heidelberg mit dem Abschluss Theaterp\u00e4dagoge (BUT)<\/p>\n\t\t\t\t\t\t\t\t\t\t\t\t\t\t\t\t\t<\/div><!--.info-->\t\r\n\t\t\t\t\t\t\t<\/div>\r\n\t\t\t\t\t\t<\/div>\r\n\t\t\t\t\t\t\t\t\t\t\t\t\t\t\t\t\t\t\t\t\t\t\t<div class=\"service clearfix \">\r\n\t\t\t\t\t\t\t<div class=\"list-item clearfix\">\r\n\t\t\t\t\t\t\t\t\t\t\t\r\n\t\t\t\t\t\t\t\t\t<div class=\"icon\">\r\n\t\t\t\t\t\t\t\t\t\t\t\t\t\t\t\t\t\t\t\t\t<i class=\"fa fa-user\"><\/i>\t\t\t\t\t\t\t\t\t\t\t\t\t\t\t\t\t\t\t<\/div>\r\n\t\t\t\t\t\t\t\t\t\t\t\t\t\t\t\t<div class=\"content\">\r\n\t\t\t\t\t\t\t\t\t<h3>\r\n\t\t\t\t\t\t\t\t\t\t\t\t\t\t\t\t\t\t\t\t\tLehre an der Evangelischen Hochschule\t\t\t\t\t\t\t\t\t\t\t\t\t\t\t\t\t\t\t<\/h3>\r\n\t\t\t\t\t\t\t\t\t\t\t\t\t\t\t\t\t\r\n\t\t\t\t\t\t\t\t\t\t<p>Seit 2013 lehre ich an der Evangelischen Hochschule Darmstadt in Methodik\/Didaktik Theaterp\u00e4dagogik<\/p>\n\t\t\t\t\t\t\t\t\t\t\t\t\t\t\t\t\t<\/div><!--.info-->\t\r\n\t\t\t\t\t\t\t<\/div>\r\n\t\t\t\t\t\t<\/div>\r\n\t\t\t\t\t\t\t\t\t<\/div>\t\r\n\r\n\t\t\t\t\t\t\t\t\r\n\t<\/div><\/div><\/div><div id=\"pgc-1804-1-1\"  class=\"panel-grid-cell\" ><div id=\"panel-1804-1-1-0\" class=\"so-panel widget widget_sow-image panel-first-child panel-last-child\" data-index=\"2\" ><div style=\"text-align: left;\" id=\"vita\" data-title-color=\"#443f3f\" data-headings-color=\"#443f3f\" class=\"panel-widget-style panel-widget-style-for-1804-1-1-0\" ><div\n\t\t\t\n\t\t\tclass=\"so-widget-sow-image so-widget-sow-image-default-c4f6304fc136-1846\"\n\t\t\t\n\t\t>\n<div class=\"sow-image-container\">\n\t\t<img \n\tsrc=\"https:\/\/www.kaischuberseel.de\/wp-content\/uploads\/2020\/03\/Kai-Schuber-Seel-Foto.jpg\" width=\"700\" height=\"1049\" srcset=\"https:\/\/www.kaischuberseel.de\/wp-content\/uploads\/2020\/03\/Kai-Schuber-Seel-Foto.jpg 700w, https:\/\/www.kaischuberseel.de\/wp-content\/uploads\/2020\/03\/Kai-Schuber-Seel-Foto-200x300.jpg 200w, https:\/\/www.kaischuberseel.de\/wp-content\/uploads\/2020\/03\/Kai-Schuber-Seel-Foto-687x1030.jpg 687w, https:\/\/www.kaischuberseel.de\/wp-content\/uploads\/2020\/03\/Kai-Schuber-Seel-Foto-230x345.jpg 230w, https:\/\/www.kaischuberseel.de\/wp-content\/uploads\/2020\/03\/Kai-Schuber-Seel-Foto-350x525.jpg 350w, https:\/\/www.kaischuberseel.de\/wp-content\/uploads\/2020\/03\/Kai-Schuber-Seel-Foto-480x719.jpg 480w\" sizes=\"(max-width: 700px) 100vw, 700px\" alt=\"\" \t\tclass=\"so-widget-image\"\/>\n\t<\/div>\n\n<\/div><\/div><\/div><\/div><\/div><\/div><div id=\"pg-1804-2\"  class=\"panel-grid panel-has-style\" ><div style=\"padding: 100px 0; \" data-overlay=\"true\" data-overlay-color=\"#000000\" class=\"panel-row-style panel-row-style-for-1804-2\" ><div id=\"pgc-1804-2-0\"  class=\"panel-grid-cell\" ><div id=\"panel-1804-2-0-0\" class=\"so-panel widget widget_sydney_latest_news sydney_latest_news_widget panel-first-child panel-last-child\" data-index=\"3\" ><div style=\"text-align: left;\" id=\"aktuelles\" data-title-color=\"#443f3f\" data-headings-color=\"#d3672f\" class=\"panel-widget-style panel-widget-style-for-1804-2-0-0\" >\t\t<h3 class=\"widget-title\">AKTUELLES<\/h3>\r\n\t\t\t\t\t<div class=\"blog-post col-md-4 col-sm-6 col-xs-12\">\r\n\t\t\t\t\t\t\t<div class=\"entry-thumb\">\r\n\t\t\t\t\t<a href=\"https:\/\/www.kaischuberseel.de\/?p=2691\" title=\"DARMSTADT_SPEAKERS \u2013 Kultur am Werkeln\">\r\n\t\t\t\t\t\t<img loading=\"lazy\" decoding=\"async\" width=\"550\" height=\"400\" src=\"https:\/\/www.kaischuberseel.de\/wp-content\/uploads\/2021\/08\/Manfred-Rademacher-3-550x400.jpg\" class=\"attachment-sydney-medium-thumb size-sydney-medium-thumb wp-post-image\" alt=\"\" srcset=\"https:\/\/www.kaischuberseel.de\/wp-content\/uploads\/2021\/08\/Manfred-Rademacher-3-550x400.jpg 550w, https:\/\/www.kaischuberseel.de\/wp-content\/uploads\/2021\/08\/Manfred-Rademacher-3-24x16.jpg 24w\" sizes=\"auto, (max-width: 550px) 100vw, 550px\" \/>\t\t\t\t\t<\/a>\t\t\t\r\n\t\t\t\t<\/div>\t\r\n\t\t\t\t\t\t\t\t\t\r\n\t\t\t<h4 class=\"entry-title\"><a href=\"https:\/\/www.kaischuberseel.de\/?p=2691\" rel=\"bookmark\">DARMSTADT_SPEAKERS \u2013 Kultur am Werkeln<\/a><\/h4>\t\t\t\t<div class=\"entry-summary\"><p>DARMSTADT_SPEAKERS \u2013 Kultur am Werkeln. Leider ist das zweit\u00e4gige Kultour-Format schon wieder zu Ende. Unser erster Stopp war bei Menschenskinder \u2013 die [&hellip;]<\/p>\n<\/div>\r\n\t\t\t<\/div>\r\n\t\t\t\t\t<div class=\"blog-post col-md-4 col-sm-6 col-xs-12\">\r\n\t\t\t\t\t\t\t<div class=\"entry-thumb\">\r\n\t\t\t\t\t<a href=\"https:\/\/www.kaischuberseel.de\/?p=2292\" title=\"Hardys Theater Cup im Schlosskeller\">\r\n\t\t\t\t\t\t<img loading=\"lazy\" decoding=\"async\" width=\"550\" height=\"400\" src=\"https:\/\/www.kaischuberseel.de\/wp-content\/uploads\/2024\/11\/R6MR8405-550x400.jpg\" class=\"attachment-sydney-medium-thumb size-sydney-medium-thumb wp-post-image\" alt=\"\" srcset=\"https:\/\/www.kaischuberseel.de\/wp-content\/uploads\/2024\/11\/R6MR8405-550x400.jpg 550w, https:\/\/www.kaischuberseel.de\/wp-content\/uploads\/2024\/11\/R6MR8405-24x16.jpg 24w\" sizes=\"auto, (max-width: 550px) 100vw, 550px\" \/>\t\t\t\t\t<\/a>\t\t\t\r\n\t\t\t\t<\/div>\t\r\n\t\t\t\t\t\t\t\t\t\r\n\t\t\t<h4 class=\"entry-title\"><a href=\"https:\/\/www.kaischuberseel.de\/?p=2292\" rel=\"bookmark\">Hardys Theater Cup im Schlosskeller<\/a><\/h4>\t\t\t\t<div class=\"entry-summary\"><p>Hardy Loppmann (Kai Schuber-Seel\/Theater f\u00fcr Alle) war mit seinem Theaterabend &#8211; Improtheater mit Herz und (ohne) Verstand zu Gast im Schlosskeller. Zum [&hellip;]<\/p>\n<\/div>\r\n\t\t\t<\/div>\r\n\t\t\t\t\t<div class=\"blog-post col-md-4 col-sm-6 col-xs-12\">\r\n\t\t\t\t\t\t\t<div class=\"entry-thumb\">\r\n\t\t\t\t\t<a href=\"https:\/\/www.kaischuberseel.de\/?p=144\" title=\"Intensivklassen Mornewegprojekt: Egal\">\r\n\t\t\t\t\t\t<img loading=\"lazy\" decoding=\"async\" width=\"550\" height=\"400\" src=\"https:\/\/www.kaischuberseel.de\/wp-content\/uploads\/2015\/03\/Intensivklasse_Egal-550x400.jpg\" class=\"attachment-sydney-medium-thumb size-sydney-medium-thumb wp-post-image\" alt=\"\" srcset=\"https:\/\/www.kaischuberseel.de\/wp-content\/uploads\/2015\/03\/Intensivklasse_Egal-550x400.jpg 550w, https:\/\/www.kaischuberseel.de\/wp-content\/uploads\/2015\/03\/Intensivklasse_Egal-24x18.jpg 24w, https:\/\/www.kaischuberseel.de\/wp-content\/uploads\/2015\/03\/Intensivklasse_Egal-36x27.jpg 36w, https:\/\/www.kaischuberseel.de\/wp-content\/uploads\/2015\/03\/Intensivklasse_Egal-48x36.jpg 48w\" sizes=\"auto, (max-width: 550px) 100vw, 550px\" \/>\t\t\t\t\t<\/a>\t\t\t\r\n\t\t\t\t<\/div>\t\r\n\t\t\t\t\t\t\t\t\t\r\n\t\t\t<h4 class=\"entry-title\"><a href=\"https:\/\/www.kaischuberseel.de\/?p=144\" rel=\"bookmark\">Intensivklassen Mornewegprojekt: Egal<\/a><\/h4>\t\t\t\t<div class=\"entry-summary\"><p>Knapp eine Woche durfte ich unter meinem Label \u201eTheater f\u00fcr Alle&#8220; mit 14 Jugendlichen der Intensivklassen a und b zum Thema &#8222;Egal&#8220; [&hellip;]<\/p>\n<\/div>\r\n\t\t\t<\/div>\r\n\t\t\r\n\t\t\t\t\t\t\r\n\t<\/div><\/div><\/div><\/div><\/div><div id=\"pg-1804-3\"  class=\"panel-grid panel-has-style\" ><div class=\"siteorigin-panels-stretch panel-row-style panel-row-style-for-1804-3\" style=\"color: #ffffff;padding: 50px 0; \" id=\"kontakt-call-to-action\" data-stretch-type=\"full\" data-hascolor=\"hascolor\" data-overlay=\"true\" data-overlay-color=\"#000000\" ><div id=\"pgc-1804-3-0\"  class=\"panel-grid-cell\" ><div id=\"panel-1804-3-0-0\" class=\"so-panel widget widget_sydney_action sydney_action_widget panel-first-child panel-last-child\" data-index=\"4\" ><div style=\"text-align: left;\" data-title-color=\"#443f3f\" data-headings-color=\"#443f3f\" class=\"panel-widget-style panel-widget-style-for-1804-3-0-0\" ><h3 class=\"widget-title\">WIE BUCHEN SIE MICH?<\/h3>        <div class=\"roll-promobox \">\r\n\t\t\t<div class=\"promo-wrap\">\r\n\t\t\t\t\t\t\t\t<div class=\"promo-content\">\r\n\t\t\t\t\t<h3 class=\"title\">Einfach Kontakt aufnehmen - per Email oder Telefon. Ich freue mich! <br><br>\nPS: Mein Angebot ist nicht nur flexibel in Bezug auf Zielgruppen, sondern auch auf die Projektdauer. Ob Ein-Tages- oder Mehrtages-Workshop, ein w\u00f6chentlicher oder monatlicher Kurs oder ein langfristiges Projekt \u2013 alles ist m\u00f6glich. Gerne eruiere ich mit Ihnen\/Dir die beste Vorgehensweise.<\/h3>\r\n\t\t\t\t<\/div>\r\n\t\t\t\t\t\t\t\t<div class=\"promo-controls\">\r\n\t\t\t\t\t<a href=\"https:\/\/www.kaischuberseel.de\/#sidebar-footer\" class=\"roll-button border\">JETZT UNVERBINDLICH KONTAKT AUFNEHMEN<\/a>\r\n\t\t\t\t<\/div>\r\n\t\t\t<\/div>\r\n        <\/div>\r\n\t<\/div><\/div><\/div><\/div><\/div><div id=\"pg-1804-4\"  class=\"panel-grid panel-has-style\" ><div class=\"siteorigin-panels-stretch panel-row-style panel-row-style-for-1804-4\" style=\"border-bottom: 1px solid #e0e0e0;padding: 100px 0; \" id=\"theaterprojekte\" data-stretch-type=\"full-stretched\" data-overlay=\"true\" data-overlay-color=\"#000000\" ><div id=\"pgc-1804-4-0\"  class=\"panel-grid-cell\" ><div id=\"panel-1804-4-0-0\" class=\"so-panel widget widget_sydney_portfolio sydney_portfolio_widget panel-first-child panel-last-child\" data-index=\"5\" ><div style=\"text-align: left;\" data-title-color=\"#443f3f\" data-headings-color=\"#443f3f\" class=\"panel-widget-style panel-widget-style-for-1804-4-0-0\" ><h3 class=\"widget-title\">PROJEKTE<\/h3><div class=\"project-wrap\"><ul class=\"project-filter\" id=\"filters\"><li><a href=\"#\" data-filter=\"*\">Alle<\/a><\/li><li><a href='#' data-filter='.ausserschulische-bildung'>Au\u00dferschulische Bildung<\/a><\/li>\n<li><a href='#' data-filter='.barrierecheckerinnen'>Barrierechecker:innen<\/a><\/li>\n<li><a href='#' data-filter='.coaching-moderation'>Coaching &amp; Moderation<\/a><\/li>\n<li><a href='#' data-filter='.darmstadt_speakers'>DARMSTADT_SPEAKERS<\/a><\/li>\n<li><a href='#' data-filter='.dozent'>Dozent<\/a><\/li>\n<li><a href='#' data-filter='.festivals'>Festivals<\/a><\/li>\n<li><a href='#' data-filter='.freie-szene'>Freie Szene<\/a><\/li>\n<li><a href='#' data-filter='.schulen'>Schulen<\/a><\/li>\n<li><a href='#' data-filter='.theaterhaeuser'>Theaterh\u00e4user<\/a><\/li>\n<li><a href='#' data-filter='.weitere-kunst'>Weitere Kunst<\/a><\/li>\n<\/ul><div class=\"roll-project fullwidth\"><div class=\"isotope-container\" data-portfolio-effect=\"fadeInUp\"><div class=\"project-item item isotope-item weitere-kunst \"><a class=\"project-pop-wrap\" href=\"https:\/\/www.kaischuberseel.de\/?projects=hardys-theatercup-im-schlosskeller\"><div class=\"project-pop\"><\/div><div class=\"project-title-wrap\"><div class=\"project-title\"><span>Hardys Theatercup im Schlosskeller<\/span><\/div><\/div><\/a><a href=\"https:\/\/www.kaischuberseel.de\/?projects=hardys-theatercup-im-schlosskeller\"><img loading=\"lazy\" decoding=\"async\" width=\"480\" height=\"320\" src=\"https:\/\/www.kaischuberseel.de\/wp-content\/uploads\/2020\/06\/Auffuehrung-Hardy-7-480x320.jpg\" class=\"attachment-sydney-mas-thumb size-sydney-mas-thumb wp-post-image\" alt=\"\" srcset=\"https:\/\/www.kaischuberseel.de\/wp-content\/uploads\/2020\/06\/Auffuehrung-Hardy-7-480x320.jpg 480w, https:\/\/www.kaischuberseel.de\/wp-content\/uploads\/2020\/06\/Auffuehrung-Hardy-7-300x200.jpg 300w, https:\/\/www.kaischuberseel.de\/wp-content\/uploads\/2020\/06\/Auffuehrung-Hardy-7-1030x686.jpg 1030w, https:\/\/www.kaischuberseel.de\/wp-content\/uploads\/2020\/06\/Auffuehrung-Hardy-7-768x512.jpg 768w, https:\/\/www.kaischuberseel.de\/wp-content\/uploads\/2020\/06\/Auffuehrung-Hardy-7-1536x1024.jpg 1536w, https:\/\/www.kaischuberseel.de\/wp-content\/uploads\/2020\/06\/Auffuehrung-Hardy-7-1000x666.jpg 1000w, https:\/\/www.kaischuberseel.de\/wp-content\/uploads\/2020\/06\/Auffuehrung-Hardy-7-230x153.jpg 230w, https:\/\/www.kaischuberseel.de\/wp-content\/uploads\/2020\/06\/Auffuehrung-Hardy-7-350x233.jpg 350w, https:\/\/www.kaischuberseel.de\/wp-content\/uploads\/2020\/06\/Auffuehrung-Hardy-7-24x16.jpg 24w, https:\/\/www.kaischuberseel.de\/wp-content\/uploads\/2020\/06\/Auffuehrung-Hardy-7-36x24.jpg 36w, https:\/\/www.kaischuberseel.de\/wp-content\/uploads\/2020\/06\/Auffuehrung-Hardy-7-48x32.jpg 48w, https:\/\/www.kaischuberseel.de\/wp-content\/uploads\/2020\/06\/Auffuehrung-Hardy-7-272x182.jpg 272w, https:\/\/www.kaischuberseel.de\/wp-content\/uploads\/2020\/06\/Auffuehrung-Hardy-7.jpg 1640w\" sizes=\"auto, (max-width: 480px) 100vw, 480px\" \/><\/a><\/div><div class=\"project-item item isotope-item weitere-kunst \"><a class=\"project-pop-wrap\" href=\"https:\/\/www.kaischuberseel.de\/?projects=hardy-loppmann_theaterabend-queeres-referat-asta-tu-darmstadt\"><div class=\"project-pop\"><\/div><div class=\"project-title-wrap\"><div class=\"project-title\"><span>Hardy Loppmann &#8211; Theaterabend Queeres Referat Asta TU Darmstadt<\/span><\/div><\/div><\/a><a href=\"https:\/\/www.kaischuberseel.de\/?projects=hardy-loppmann_theaterabend-queeres-referat-asta-tu-darmstadt\"><img loading=\"lazy\" decoding=\"async\" width=\"480\" height=\"320\" src=\"https:\/\/www.kaischuberseel.de\/wp-content\/uploads\/2024\/11\/R6MR8405-480x320.jpg\" class=\"attachment-sydney-mas-thumb size-sydney-mas-thumb wp-post-image\" alt=\"\" srcset=\"https:\/\/www.kaischuberseel.de\/wp-content\/uploads\/2024\/11\/R6MR8405-480x320.jpg 480w, https:\/\/www.kaischuberseel.de\/wp-content\/uploads\/2024\/11\/R6MR8405-300x200.jpg 300w, https:\/\/www.kaischuberseel.de\/wp-content\/uploads\/2024\/11\/R6MR8405-1030x686.jpg 1030w, https:\/\/www.kaischuberseel.de\/wp-content\/uploads\/2024\/11\/R6MR8405-768x512.jpg 768w, https:\/\/www.kaischuberseel.de\/wp-content\/uploads\/2024\/11\/R6MR8405-1536x1024.jpg 1536w, https:\/\/www.kaischuberseel.de\/wp-content\/uploads\/2024\/11\/R6MR8405-1000x666.jpg 1000w, https:\/\/www.kaischuberseel.de\/wp-content\/uploads\/2024\/11\/R6MR8405-230x153.jpg 230w, https:\/\/www.kaischuberseel.de\/wp-content\/uploads\/2024\/11\/R6MR8405-350x233.jpg 350w, https:\/\/www.kaischuberseel.de\/wp-content\/uploads\/2024\/11\/R6MR8405-24x16.jpg 24w, https:\/\/www.kaischuberseel.de\/wp-content\/uploads\/2024\/11\/R6MR8405-36x24.jpg 36w, https:\/\/www.kaischuberseel.de\/wp-content\/uploads\/2024\/11\/R6MR8405-48x32.jpg 48w, https:\/\/www.kaischuberseel.de\/wp-content\/uploads\/2024\/11\/R6MR8405-272x182.jpg 272w, https:\/\/www.kaischuberseel.de\/wp-content\/uploads\/2024\/11\/R6MR8405.jpg 1640w\" sizes=\"auto, (max-width: 480px) 100vw, 480px\" \/><\/a><\/div><div class=\"project-item item isotope-item darmstadt_speakers \"><a class=\"project-pop-wrap\" href=\"https:\/\/www.kaischuberseel.de\/?projects=darmstadt_speakers-kultur-am-werkeln\"><div class=\"project-pop\"><\/div><div class=\"project-title-wrap\"><div class=\"project-title\"><span>DARMSTADT_SPEAKERS \u2013 Kultur am Werkeln<\/span><\/div><\/div><\/a><a href=\"https:\/\/www.kaischuberseel.de\/?projects=darmstadt_speakers-kultur-am-werkeln\"><img loading=\"lazy\" decoding=\"async\" width=\"480\" height=\"720\" src=\"https:\/\/www.kaischuberseel.de\/wp-content\/uploads\/2021\/08\/Manfred-Rademacher-1-480x720.jpg\" class=\"attachment-sydney-mas-thumb size-sydney-mas-thumb wp-post-image\" alt=\"\" srcset=\"https:\/\/www.kaischuberseel.de\/wp-content\/uploads\/2021\/08\/Manfred-Rademacher-1-480x720.jpg 480w, https:\/\/www.kaischuberseel.de\/wp-content\/uploads\/2021\/08\/Manfred-Rademacher-1-200x300.jpg 200w, https:\/\/www.kaischuberseel.de\/wp-content\/uploads\/2021\/08\/Manfred-Rademacher-1-686x1030.jpg 686w, https:\/\/www.kaischuberseel.de\/wp-content\/uploads\/2021\/08\/Manfred-Rademacher-1-768x1152.jpg 768w, https:\/\/www.kaischuberseel.de\/wp-content\/uploads\/2021\/08\/Manfred-Rademacher-1-1024x1536.jpg 1024w, https:\/\/www.kaischuberseel.de\/wp-content\/uploads\/2021\/08\/Manfred-Rademacher-1-1000x1500.jpg 1000w, https:\/\/www.kaischuberseel.de\/wp-content\/uploads\/2021\/08\/Manfred-Rademacher-1-230x345.jpg 230w, https:\/\/www.kaischuberseel.de\/wp-content\/uploads\/2021\/08\/Manfred-Rademacher-1-350x525.jpg 350w, https:\/\/www.kaischuberseel.de\/wp-content\/uploads\/2021\/08\/Manfred-Rademacher-1-16x24.jpg 16w, https:\/\/www.kaischuberseel.de\/wp-content\/uploads\/2021\/08\/Manfred-Rademacher-1-24x36.jpg 24w, https:\/\/www.kaischuberseel.de\/wp-content\/uploads\/2021\/08\/Manfred-Rademacher-1-32x48.jpg 32w, https:\/\/www.kaischuberseel.de\/wp-content\/uploads\/2021\/08\/Manfred-Rademacher-1.jpg 1093w\" sizes=\"auto, (max-width: 480px) 100vw, 480px\" \/><\/a><\/div><div class=\"project-item item isotope-item barrierecheckerinnen \"><a class=\"project-pop-wrap\" href=\"https:\/\/www.kaischuberseel.de\/?projects=check-the-city-die-erlebniskarte-der-barrierecheckerinnen\"><div class=\"project-pop\"><\/div><div class=\"project-title-wrap\"><div class=\"project-title\"><span>CHECK the city: Die Erlebniskarte der Barrierechecker:innen<\/span><\/div><\/div><\/a><a href=\"https:\/\/www.kaischuberseel.de\/?projects=check-the-city-die-erlebniskarte-der-barrierecheckerinnen\"><img loading=\"lazy\" decoding=\"async\" width=\"480\" height=\"320\" src=\"https:\/\/www.kaischuberseel.de\/wp-content\/uploads\/2015\/03\/web_Landesmuseum_Anna-Utters-20-480x320.jpg\" class=\"attachment-sydney-mas-thumb size-sydney-mas-thumb wp-post-image\" alt=\"\" srcset=\"https:\/\/www.kaischuberseel.de\/wp-content\/uploads\/2015\/03\/web_Landesmuseum_Anna-Utters-20-480x320.jpg 480w, https:\/\/www.kaischuberseel.de\/wp-content\/uploads\/2015\/03\/web_Landesmuseum_Anna-Utters-20-300x200.jpg 300w, https:\/\/www.kaischuberseel.de\/wp-content\/uploads\/2015\/03\/web_Landesmuseum_Anna-Utters-20-768x512.jpg 768w, https:\/\/www.kaischuberseel.de\/wp-content\/uploads\/2015\/03\/web_Landesmuseum_Anna-Utters-20-230x153.jpg 230w, https:\/\/www.kaischuberseel.de\/wp-content\/uploads\/2015\/03\/web_Landesmuseum_Anna-Utters-20-350x233.jpg 350w, https:\/\/www.kaischuberseel.de\/wp-content\/uploads\/2015\/03\/web_Landesmuseum_Anna-Utters-20-24x16.jpg 24w, https:\/\/www.kaischuberseel.de\/wp-content\/uploads\/2015\/03\/web_Landesmuseum_Anna-Utters-20-36x24.jpg 36w, https:\/\/www.kaischuberseel.de\/wp-content\/uploads\/2015\/03\/web_Landesmuseum_Anna-Utters-20-48x32.jpg 48w, https:\/\/www.kaischuberseel.de\/wp-content\/uploads\/2015\/03\/web_Landesmuseum_Anna-Utters-20-272x182.jpg 272w, https:\/\/www.kaischuberseel.de\/wp-content\/uploads\/2015\/03\/web_Landesmuseum_Anna-Utters-20.jpg 850w\" sizes=\"auto, (max-width: 480px) 100vw, 480px\" \/><\/a><\/div><div class=\"project-item item isotope-item freie-szene \"><a class=\"project-pop-wrap\" href=\"https:\/\/www.kaischuberseel.de\/?projects=die-moller-crew-am-theater-moller-haus\"><div class=\"project-pop\"><\/div><div class=\"project-title-wrap\"><div class=\"project-title\"><span>Die Moller-Crew am Theater Moller Haus<\/span><\/div><\/div><\/a><a href=\"https:\/\/www.kaischuberseel.de\/?projects=die-moller-crew-am-theater-moller-haus\"><img loading=\"lazy\" decoding=\"async\" width=\"480\" height=\"320\" src=\"https:\/\/www.kaischuberseel.de\/wp-content\/uploads\/2024\/08\/137-480x320.jpg\" class=\"attachment-sydney-mas-thumb size-sydney-mas-thumb wp-post-image\" alt=\"\" srcset=\"https:\/\/www.kaischuberseel.de\/wp-content\/uploads\/2024\/08\/137-480x320.jpg 480w, https:\/\/www.kaischuberseel.de\/wp-content\/uploads\/2024\/08\/137-300x200.jpg 300w, https:\/\/www.kaischuberseel.de\/wp-content\/uploads\/2024\/08\/137-1030x687.jpg 1030w, https:\/\/www.kaischuberseel.de\/wp-content\/uploads\/2024\/08\/137-768x512.jpg 768w, https:\/\/www.kaischuberseel.de\/wp-content\/uploads\/2024\/08\/137-1536x1024.jpg 1536w, https:\/\/www.kaischuberseel.de\/wp-content\/uploads\/2024\/08\/137-2048x1365.jpg 2048w, https:\/\/www.kaischuberseel.de\/wp-content\/uploads\/2024\/08\/137-1000x667.jpg 1000w, https:\/\/www.kaischuberseel.de\/wp-content\/uploads\/2024\/08\/137-230x153.jpg 230w, https:\/\/www.kaischuberseel.de\/wp-content\/uploads\/2024\/08\/137-350x233.jpg 350w, https:\/\/www.kaischuberseel.de\/wp-content\/uploads\/2024\/08\/137-24x16.jpg 24w, https:\/\/www.kaischuberseel.de\/wp-content\/uploads\/2024\/08\/137-36x24.jpg 36w, https:\/\/www.kaischuberseel.de\/wp-content\/uploads\/2024\/08\/137-48x32.jpg 48w, https:\/\/www.kaischuberseel.de\/wp-content\/uploads\/2024\/08\/137-272x182.jpg 272w\" sizes=\"auto, (max-width: 480px) 100vw, 480px\" \/><\/a><\/div><div class=\"project-item item isotope-item ausserschulische-bildung \"><a class=\"project-pop-wrap\" href=\"https:\/\/www.kaischuberseel.de\/?projects=lernort-stadion\"><div class=\"project-pop\"><\/div><div class=\"project-title-wrap\"><div class=\"project-title\"><span>Lernort Stadion<\/span><\/div><\/div><\/a><a href=\"https:\/\/www.kaischuberseel.de\/?projects=lernort-stadion\"><img loading=\"lazy\" decoding=\"async\" width=\"480\" height=\"360\" src=\"https:\/\/www.kaischuberseel.de\/wp-content\/uploads\/2024\/08\/Pics-2-480x360.jpg\" class=\"attachment-sydney-mas-thumb size-sydney-mas-thumb wp-post-image\" alt=\"\" srcset=\"https:\/\/www.kaischuberseel.de\/wp-content\/uploads\/2024\/08\/Pics-2-480x360.jpg 480w, https:\/\/www.kaischuberseel.de\/wp-content\/uploads\/2024\/08\/Pics-2-300x225.jpg 300w, https:\/\/www.kaischuberseel.de\/wp-content\/uploads\/2024\/08\/Pics-2-1030x773.jpg 1030w, https:\/\/www.kaischuberseel.de\/wp-content\/uploads\/2024\/08\/Pics-2-768x576.jpg 768w, https:\/\/www.kaischuberseel.de\/wp-content\/uploads\/2024\/08\/Pics-2-1536x1152.jpg 1536w, https:\/\/www.kaischuberseel.de\/wp-content\/uploads\/2024\/08\/Pics-2-1000x750.jpg 1000w, https:\/\/www.kaischuberseel.de\/wp-content\/uploads\/2024\/08\/Pics-2-230x173.jpg 230w, https:\/\/www.kaischuberseel.de\/wp-content\/uploads\/2024\/08\/Pics-2-350x263.jpg 350w, https:\/\/www.kaischuberseel.de\/wp-content\/uploads\/2024\/08\/Pics-2-24x18.jpg 24w, https:\/\/www.kaischuberseel.de\/wp-content\/uploads\/2024\/08\/Pics-2-36x27.jpg 36w, https:\/\/www.kaischuberseel.de\/wp-content\/uploads\/2024\/08\/Pics-2-48x36.jpg 48w, https:\/\/www.kaischuberseel.de\/wp-content\/uploads\/2024\/08\/Pics-2.jpg 2000w\" sizes=\"auto, (max-width: 480px) 100vw, 480px\" \/><\/a><\/div><div class=\"project-item item isotope-item ausserschulische-bildung \"><a class=\"project-pop-wrap\" href=\"https:\/\/www.kaischuberseel.de\/?projects=traeume-in-der-sternenstadt\"><div class=\"project-pop\"><\/div><div class=\"project-title-wrap\"><div class=\"project-title\"><span>Tr\u00e4ume in der Sternenstadt<\/span><\/div><\/div><\/a><a href=\"https:\/\/www.kaischuberseel.de\/?projects=traeume-in-der-sternenstadt\"><img loading=\"lazy\" decoding=\"async\" width=\"480\" height=\"640\" src=\"https:\/\/www.kaischuberseel.de\/wp-content\/uploads\/2024\/08\/Pc-Muehltal-480x640.jpg\" class=\"attachment-sydney-mas-thumb size-sydney-mas-thumb wp-post-image\" alt=\"\" srcset=\"https:\/\/www.kaischuberseel.de\/wp-content\/uploads\/2024\/08\/Pc-Muehltal-480x640.jpg 480w, https:\/\/www.kaischuberseel.de\/wp-content\/uploads\/2024\/08\/Pc-Muehltal-225x300.jpg 225w, https:\/\/www.kaischuberseel.de\/wp-content\/uploads\/2024\/08\/Pc-Muehltal-773x1030.jpg 773w, https:\/\/www.kaischuberseel.de\/wp-content\/uploads\/2024\/08\/Pc-Muehltal-768x1024.jpg 768w, https:\/\/www.kaischuberseel.de\/wp-content\/uploads\/2024\/08\/Pc-Muehltal-1152x1536.jpg 1152w, https:\/\/www.kaischuberseel.de\/wp-content\/uploads\/2024\/08\/Pc-Muehltal-1000x1333.jpg 1000w, https:\/\/www.kaischuberseel.de\/wp-content\/uploads\/2024\/08\/Pc-Muehltal-230x307.jpg 230w, https:\/\/www.kaischuberseel.de\/wp-content\/uploads\/2024\/08\/Pc-Muehltal-350x467.jpg 350w, https:\/\/www.kaischuberseel.de\/wp-content\/uploads\/2024\/08\/Pc-Muehltal-18x24.jpg 18w, https:\/\/www.kaischuberseel.de\/wp-content\/uploads\/2024\/08\/Pc-Muehltal-27x36.jpg 27w, https:\/\/www.kaischuberseel.de\/wp-content\/uploads\/2024\/08\/Pc-Muehltal-36x48.jpg 36w, https:\/\/www.kaischuberseel.de\/wp-content\/uploads\/2024\/08\/Pc-Muehltal.jpg 1536w\" sizes=\"auto, (max-width: 480px) 100vw, 480px\" \/><\/a><\/div><div class=\"project-item item isotope-item barrierecheckerinnen \"><a class=\"project-pop-wrap\" href=\"https:\/\/www.kaischuberseel.de\/?projects=parade-fuer-gleichstellung\"><div class=\"project-pop\"><\/div><div class=\"project-title-wrap\"><div class=\"project-title\"><span>Parade f\u00fcr Gleichstellung<\/span><\/div><\/div><\/a><a href=\"https:\/\/www.kaischuberseel.de\/?projects=parade-fuer-gleichstellung\"><img loading=\"lazy\" decoding=\"async\" width=\"480\" height=\"320\" src=\"https:\/\/www.kaischuberseel.de\/wp-content\/uploads\/2024\/08\/Bild-Parade-2024-480x320.jpg\" class=\"attachment-sydney-mas-thumb size-sydney-mas-thumb wp-post-image\" alt=\"\" srcset=\"https:\/\/www.kaischuberseel.de\/wp-content\/uploads\/2024\/08\/Bild-Parade-2024-480x320.jpg 480w, https:\/\/www.kaischuberseel.de\/wp-content\/uploads\/2024\/08\/Bild-Parade-2024-300x200.jpg 300w, https:\/\/www.kaischuberseel.de\/wp-content\/uploads\/2024\/08\/Bild-Parade-2024-1030x686.jpg 1030w, https:\/\/www.kaischuberseel.de\/wp-content\/uploads\/2024\/08\/Bild-Parade-2024-768x512.jpg 768w, https:\/\/www.kaischuberseel.de\/wp-content\/uploads\/2024\/08\/Bild-Parade-2024-1536x1024.jpg 1536w, https:\/\/www.kaischuberseel.de\/wp-content\/uploads\/2024\/08\/Bild-Parade-2024-1000x666.jpg 1000w, https:\/\/www.kaischuberseel.de\/wp-content\/uploads\/2024\/08\/Bild-Parade-2024-230x153.jpg 230w, https:\/\/www.kaischuberseel.de\/wp-content\/uploads\/2024\/08\/Bild-Parade-2024-350x233.jpg 350w, https:\/\/www.kaischuberseel.de\/wp-content\/uploads\/2024\/08\/Bild-Parade-2024-24x16.jpg 24w, https:\/\/www.kaischuberseel.de\/wp-content\/uploads\/2024\/08\/Bild-Parade-2024-36x24.jpg 36w, https:\/\/www.kaischuberseel.de\/wp-content\/uploads\/2024\/08\/Bild-Parade-2024-48x32.jpg 48w, https:\/\/www.kaischuberseel.de\/wp-content\/uploads\/2024\/08\/Bild-Parade-2024-272x182.jpg 272w, https:\/\/www.kaischuberseel.de\/wp-content\/uploads\/2024\/08\/Bild-Parade-2024.jpg 1640w\" sizes=\"auto, (max-width: 480px) 100vw, 480px\" \/><\/a><\/div><div class=\"project-item item isotope-item barrierecheckerinnen \"><a class=\"project-pop-wrap\" href=\"https:\/\/www.kaischuberseel.de\/?projects=auftakt-barrierecherinnen-in-kranichstein\"><div class=\"project-pop\"><\/div><div class=\"project-title-wrap\"><div class=\"project-title\"><span>Barrierecher:innen in Kranichstein<\/span><\/div><\/div><\/a><a href=\"https:\/\/www.kaischuberseel.de\/?projects=auftakt-barrierecherinnen-in-kranichstein\"><img loading=\"lazy\" decoding=\"async\" width=\"480\" height=\"320\" src=\"https:\/\/www.kaischuberseel.de\/wp-content\/uploads\/2015\/03\/R6MR7845-480x320.jpg\" class=\"attachment-sydney-mas-thumb size-sydney-mas-thumb wp-post-image\" alt=\"\" srcset=\"https:\/\/www.kaischuberseel.de\/wp-content\/uploads\/2015\/03\/R6MR7845-480x320.jpg 480w, https:\/\/www.kaischuberseel.de\/wp-content\/uploads\/2015\/03\/R6MR7845-300x200.jpg 300w, https:\/\/www.kaischuberseel.de\/wp-content\/uploads\/2015\/03\/R6MR7845-1030x686.jpg 1030w, https:\/\/www.kaischuberseel.de\/wp-content\/uploads\/2015\/03\/R6MR7845-768x512.jpg 768w, https:\/\/www.kaischuberseel.de\/wp-content\/uploads\/2015\/03\/R6MR7845-1536x1024.jpg 1536w, https:\/\/www.kaischuberseel.de\/wp-content\/uploads\/2015\/03\/R6MR7845-1000x666.jpg 1000w, https:\/\/www.kaischuberseel.de\/wp-content\/uploads\/2015\/03\/R6MR7845-230x153.jpg 230w, https:\/\/www.kaischuberseel.de\/wp-content\/uploads\/2015\/03\/R6MR7845-350x233.jpg 350w, https:\/\/www.kaischuberseel.de\/wp-content\/uploads\/2015\/03\/R6MR7845-24x16.jpg 24w, https:\/\/www.kaischuberseel.de\/wp-content\/uploads\/2015\/03\/R6MR7845-36x24.jpg 36w, https:\/\/www.kaischuberseel.de\/wp-content\/uploads\/2015\/03\/R6MR7845-48x32.jpg 48w, https:\/\/www.kaischuberseel.de\/wp-content\/uploads\/2015\/03\/R6MR7845-272x182.jpg 272w, https:\/\/www.kaischuberseel.de\/wp-content\/uploads\/2015\/03\/R6MR7845.jpg 1640w\" sizes=\"auto, (max-width: 480px) 100vw, 480px\" \/><\/a><\/div><div class=\"project-item item isotope-item darmstadt_speakers \"><a class=\"project-pop-wrap\" href=\"https:\/\/www.kaischuberseel.de\/?projects=darmstadt_speakers-am-feuer-und-wasser\"><div class=\"project-pop\"><\/div><div class=\"project-title-wrap\"><div class=\"project-title\"><span>DARMSTADT_SPEAKERS am Feuer und Wasser<\/span><\/div><\/div><\/a><a href=\"https:\/\/www.kaischuberseel.de\/?projects=darmstadt_speakers-am-feuer-und-wasser\"><img loading=\"lazy\" decoding=\"async\" width=\"480\" height=\"320\" src=\"https:\/\/www.kaischuberseel.de\/wp-content\/uploads\/2023\/11\/385544215_849228380126650_5512327279882528470_n-480x320.jpg\" class=\"attachment-sydney-mas-thumb size-sydney-mas-thumb wp-post-image\" alt=\"\" srcset=\"https:\/\/www.kaischuberseel.de\/wp-content\/uploads\/2023\/11\/385544215_849228380126650_5512327279882528470_n-480x320.jpg 480w, https:\/\/www.kaischuberseel.de\/wp-content\/uploads\/2023\/11\/385544215_849228380126650_5512327279882528470_n-300x200.jpg 300w, https:\/\/www.kaischuberseel.de\/wp-content\/uploads\/2023\/11\/385544215_849228380126650_5512327279882528470_n-1030x686.jpg 1030w, https:\/\/www.kaischuberseel.de\/wp-content\/uploads\/2023\/11\/385544215_849228380126650_5512327279882528470_n-768x512.jpg 768w, https:\/\/www.kaischuberseel.de\/wp-content\/uploads\/2023\/11\/385544215_849228380126650_5512327279882528470_n-1536x1024.jpg 1536w, https:\/\/www.kaischuberseel.de\/wp-content\/uploads\/2023\/11\/385544215_849228380126650_5512327279882528470_n-1000x666.jpg 1000w, https:\/\/www.kaischuberseel.de\/wp-content\/uploads\/2023\/11\/385544215_849228380126650_5512327279882528470_n-230x153.jpg 230w, https:\/\/www.kaischuberseel.de\/wp-content\/uploads\/2023\/11\/385544215_849228380126650_5512327279882528470_n-350x233.jpg 350w, https:\/\/www.kaischuberseel.de\/wp-content\/uploads\/2023\/11\/385544215_849228380126650_5512327279882528470_n-24x16.jpg 24w, https:\/\/www.kaischuberseel.de\/wp-content\/uploads\/2023\/11\/385544215_849228380126650_5512327279882528470_n-36x24.jpg 36w, https:\/\/www.kaischuberseel.de\/wp-content\/uploads\/2023\/11\/385544215_849228380126650_5512327279882528470_n-48x32.jpg 48w, https:\/\/www.kaischuberseel.de\/wp-content\/uploads\/2023\/11\/385544215_849228380126650_5512327279882528470_n-272x182.jpg 272w, https:\/\/www.kaischuberseel.de\/wp-content\/uploads\/2023\/11\/385544215_849228380126650_5512327279882528470_n.jpg 1640w\" sizes=\"auto, (max-width: 480px) 100vw, 480px\" \/><\/a><\/div><div class=\"project-item item isotope-item darmstadt_speakers \"><a class=\"project-pop-wrap\" href=\"https:\/\/www.kaischuberseel.de\/?projects=grenzen-los\"><div class=\"project-pop\"><\/div><div class=\"project-title-wrap\"><div class=\"project-title\"><span>Grenzen los<\/span><\/div><\/div><\/a><a href=\"https:\/\/www.kaischuberseel.de\/?projects=grenzen-los\"><img loading=\"lazy\" decoding=\"async\" width=\"480\" height=\"320\" src=\"https:\/\/www.kaischuberseel.de\/wp-content\/uploads\/2023\/10\/380096042_1991295461227046_5989467912575476378_n-480x320.jpg\" class=\"attachment-sydney-mas-thumb size-sydney-mas-thumb wp-post-image\" alt=\"\" srcset=\"https:\/\/www.kaischuberseel.de\/wp-content\/uploads\/2023\/10\/380096042_1991295461227046_5989467912575476378_n-480x320.jpg 480w, https:\/\/www.kaischuberseel.de\/wp-content\/uploads\/2023\/10\/380096042_1991295461227046_5989467912575476378_n-300x200.jpg 300w, https:\/\/www.kaischuberseel.de\/wp-content\/uploads\/2023\/10\/380096042_1991295461227046_5989467912575476378_n-1030x686.jpg 1030w, https:\/\/www.kaischuberseel.de\/wp-content\/uploads\/2023\/10\/380096042_1991295461227046_5989467912575476378_n-768x512.jpg 768w, https:\/\/www.kaischuberseel.de\/wp-content\/uploads\/2023\/10\/380096042_1991295461227046_5989467912575476378_n-1536x1024.jpg 1536w, https:\/\/www.kaischuberseel.de\/wp-content\/uploads\/2023\/10\/380096042_1991295461227046_5989467912575476378_n-1000x667.jpg 1000w, https:\/\/www.kaischuberseel.de\/wp-content\/uploads\/2023\/10\/380096042_1991295461227046_5989467912575476378_n-230x153.jpg 230w, https:\/\/www.kaischuberseel.de\/wp-content\/uploads\/2023\/10\/380096042_1991295461227046_5989467912575476378_n-350x233.jpg 350w, https:\/\/www.kaischuberseel.de\/wp-content\/uploads\/2023\/10\/380096042_1991295461227046_5989467912575476378_n-24x16.jpg 24w, https:\/\/www.kaischuberseel.de\/wp-content\/uploads\/2023\/10\/380096042_1991295461227046_5989467912575476378_n-36x24.jpg 36w, https:\/\/www.kaischuberseel.de\/wp-content\/uploads\/2023\/10\/380096042_1991295461227046_5989467912575476378_n-48x32.jpg 48w, https:\/\/www.kaischuberseel.de\/wp-content\/uploads\/2023\/10\/380096042_1991295461227046_5989467912575476378_n-272x182.jpg 272w, https:\/\/www.kaischuberseel.de\/wp-content\/uploads\/2023\/10\/380096042_1991295461227046_5989467912575476378_n.jpg 2048w\" sizes=\"auto, (max-width: 480px) 100vw, 480px\" \/><\/a><\/div><div class=\"project-item item isotope-item schulen \"><a class=\"project-pop-wrap\" href=\"https:\/\/www.kaischuberseel.de\/?projects=smash-und-welche-traeume-hast-du\"><div class=\"project-pop\"><\/div><div class=\"project-title-wrap\"><div class=\"project-title\"><span>Smash und welche Tr\u00e4ume hast du?<\/span><\/div><\/div><\/a><a href=\"https:\/\/www.kaischuberseel.de\/?projects=smash-und-welche-traeume-hast-du\"><img loading=\"lazy\" decoding=\"async\" width=\"480\" height=\"360\" src=\"https:\/\/www.kaischuberseel.de\/wp-content\/uploads\/2023\/08\/Pics-9-480x360.jpg\" class=\"attachment-sydney-mas-thumb size-sydney-mas-thumb wp-post-image\" alt=\"\" srcset=\"https:\/\/www.kaischuberseel.de\/wp-content\/uploads\/2023\/08\/Pics-9-480x360.jpg 480w, https:\/\/www.kaischuberseel.de\/wp-content\/uploads\/2023\/08\/Pics-9-300x225.jpg 300w, https:\/\/www.kaischuberseel.de\/wp-content\/uploads\/2023\/08\/Pics-9-230x173.jpg 230w, https:\/\/www.kaischuberseel.de\/wp-content\/uploads\/2023\/08\/Pics-9-350x263.jpg 350w, https:\/\/www.kaischuberseel.de\/wp-content\/uploads\/2023\/08\/Pics-9-24x18.jpg 24w, https:\/\/www.kaischuberseel.de\/wp-content\/uploads\/2023\/08\/Pics-9-36x27.jpg 36w, https:\/\/www.kaischuberseel.de\/wp-content\/uploads\/2023\/08\/Pics-9-48x36.jpg 48w, https:\/\/www.kaischuberseel.de\/wp-content\/uploads\/2023\/08\/Pics-9.jpg 769w\" sizes=\"auto, (max-width: 480px) 100vw, 480px\" \/><\/a><\/div><div class=\"project-item item isotope-item barrierecheckerinnen \"><a class=\"project-pop-wrap\" href=\"https:\/\/www.kaischuberseel.de\/?projects=barrierecheckerinnen-parade-plus-check3-plus-check4\"><div class=\"project-pop\"><\/div><div class=\"project-title-wrap\"><div class=\"project-title\"><span>Barrierechecker:innen Parade plus Check#3 plus Check#4<\/span><\/div><\/div><\/a><a href=\"https:\/\/www.kaischuberseel.de\/?projects=barrierecheckerinnen-parade-plus-check3-plus-check4\"><img loading=\"lazy\" decoding=\"async\" width=\"480\" height=\"360\" src=\"https:\/\/www.kaischuberseel.de\/wp-content\/uploads\/2023\/10\/RADI4834-480x360.jpg\" class=\"attachment-sydney-mas-thumb size-sydney-mas-thumb wp-post-image\" alt=\"\" srcset=\"https:\/\/www.kaischuberseel.de\/wp-content\/uploads\/2023\/10\/RADI4834-480x360.jpg 480w, https:\/\/www.kaischuberseel.de\/wp-content\/uploads\/2023\/10\/RADI4834-300x225.jpg 300w, https:\/\/www.kaischuberseel.de\/wp-content\/uploads\/2023\/10\/RADI4834-1030x773.jpg 1030w, https:\/\/www.kaischuberseel.de\/wp-content\/uploads\/2023\/10\/RADI4834-768x576.jpg 768w, https:\/\/www.kaischuberseel.de\/wp-content\/uploads\/2023\/10\/RADI4834-1536x1152.jpg 1536w, https:\/\/www.kaischuberseel.de\/wp-content\/uploads\/2023\/10\/RADI4834-1000x750.jpg 1000w, https:\/\/www.kaischuberseel.de\/wp-content\/uploads\/2023\/10\/RADI4834-230x173.jpg 230w, https:\/\/www.kaischuberseel.de\/wp-content\/uploads\/2023\/10\/RADI4834-350x263.jpg 350w, https:\/\/www.kaischuberseel.de\/wp-content\/uploads\/2023\/10\/RADI4834-24x18.jpg 24w, https:\/\/www.kaischuberseel.de\/wp-content\/uploads\/2023\/10\/RADI4834-36x27.jpg 36w, https:\/\/www.kaischuberseel.de\/wp-content\/uploads\/2023\/10\/RADI4834-48x36.jpg 48w, https:\/\/www.kaischuberseel.de\/wp-content\/uploads\/2023\/10\/RADI4834.jpg 1640w\" sizes=\"auto, (max-width: 480px) 100vw, 480px\" \/><\/a><\/div><div class=\"project-item item isotope-item coaching-moderation \"><a class=\"project-pop-wrap\" href=\"https:\/\/www.kaischuberseel.de\/?projects=moderation-des-mitarbeiterinnen-tages-der-internationalen-bund-suedwest-ggmbh-in-hessen-sued\"><div class=\"project-pop\"><\/div><div class=\"project-title-wrap\"><div class=\"project-title\"><span>Moderation des Mitarbeiter*innen-Tages der Internationalen Bund S\u00fcdwest gGmbH in Hessen S\u00fcd<\/span><\/div><\/div><\/a><a href=\"https:\/\/www.kaischuberseel.de\/?projects=moderation-des-mitarbeiterinnen-tages-der-internationalen-bund-suedwest-ggmbh-in-hessen-sued\"><img loading=\"lazy\" decoding=\"async\" width=\"480\" height=\"600\" src=\"https:\/\/www.kaischuberseel.de\/wp-content\/uploads\/2023\/10\/Moderation-2-480x600.jpg\" class=\"attachment-sydney-mas-thumb size-sydney-mas-thumb wp-post-image\" alt=\"\" srcset=\"https:\/\/www.kaischuberseel.de\/wp-content\/uploads\/2023\/10\/Moderation-2-480x600.jpg 480w, https:\/\/www.kaischuberseel.de\/wp-content\/uploads\/2023\/10\/Moderation-2-240x300.jpg 240w, https:\/\/www.kaischuberseel.de\/wp-content\/uploads\/2023\/10\/Moderation-2-824x1030.jpg 824w, https:\/\/www.kaischuberseel.de\/wp-content\/uploads\/2023\/10\/Moderation-2-768x960.jpg 768w, https:\/\/www.kaischuberseel.de\/wp-content\/uploads\/2023\/10\/Moderation-2-1229x1536.jpg 1229w, https:\/\/www.kaischuberseel.de\/wp-content\/uploads\/2023\/10\/Moderation-2-1000x1250.jpg 1000w, https:\/\/www.kaischuberseel.de\/wp-content\/uploads\/2023\/10\/Moderation-2-230x288.jpg 230w, https:\/\/www.kaischuberseel.de\/wp-content\/uploads\/2023\/10\/Moderation-2-350x438.jpg 350w, https:\/\/www.kaischuberseel.de\/wp-content\/uploads\/2023\/10\/Moderation-2-19x24.jpg 19w, https:\/\/www.kaischuberseel.de\/wp-content\/uploads\/2023\/10\/Moderation-2-29x36.jpg 29w, https:\/\/www.kaischuberseel.de\/wp-content\/uploads\/2023\/10\/Moderation-2-38x48.jpg 38w, https:\/\/www.kaischuberseel.de\/wp-content\/uploads\/2023\/10\/Moderation-2.jpg 1440w\" sizes=\"auto, (max-width: 480px) 100vw, 480px\" \/><\/a><\/div><div class=\"project-item item isotope-item darmstadt_speakers \"><a class=\"project-pop-wrap\" href=\"https:\/\/www.kaischuberseel.de\/?projects=darmstadt_speaker-familiensommer-auf-dem-georg-buechner-platz\"><div class=\"project-pop\"><\/div><div class=\"project-title-wrap\"><div class=\"project-title\"><span>DARMSTADT_SPEAKER &#8211; Familiensommer auf dem Georg-B\u00fcchner-Platz<\/span><\/div><\/div><\/a><a href=\"https:\/\/www.kaischuberseel.de\/?projects=darmstadt_speaker-familiensommer-auf-dem-georg-buechner-platz\"><img loading=\"lazy\" decoding=\"async\" width=\"480\" height=\"600\" src=\"https:\/\/www.kaischuberseel.de\/wp-content\/uploads\/2023\/07\/Familiensommer-12-480x600.jpg\" class=\"attachment-sydney-mas-thumb size-sydney-mas-thumb wp-post-image\" alt=\"\" srcset=\"https:\/\/www.kaischuberseel.de\/wp-content\/uploads\/2023\/07\/Familiensommer-12-480x600.jpg 480w, https:\/\/www.kaischuberseel.de\/wp-content\/uploads\/2023\/07\/Familiensommer-12-240x300.jpg 240w, https:\/\/www.kaischuberseel.de\/wp-content\/uploads\/2023\/07\/Familiensommer-12-824x1030.jpg 824w, https:\/\/www.kaischuberseel.de\/wp-content\/uploads\/2023\/07\/Familiensommer-12-768x960.jpg 768w, https:\/\/www.kaischuberseel.de\/wp-content\/uploads\/2023\/07\/Familiensommer-12-1229x1536.jpg 1229w, https:\/\/www.kaischuberseel.de\/wp-content\/uploads\/2023\/07\/Familiensommer-12-1000x1250.jpg 1000w, https:\/\/www.kaischuberseel.de\/wp-content\/uploads\/2023\/07\/Familiensommer-12-230x288.jpg 230w, https:\/\/www.kaischuberseel.de\/wp-content\/uploads\/2023\/07\/Familiensommer-12-350x438.jpg 350w, https:\/\/www.kaischuberseel.de\/wp-content\/uploads\/2023\/07\/Familiensommer-12-19x24.jpg 19w, https:\/\/www.kaischuberseel.de\/wp-content\/uploads\/2023\/07\/Familiensommer-12-29x36.jpg 29w, https:\/\/www.kaischuberseel.de\/wp-content\/uploads\/2023\/07\/Familiensommer-12-38x48.jpg 38w, https:\/\/www.kaischuberseel.de\/wp-content\/uploads\/2023\/07\/Familiensommer-12.jpg 1440w\" sizes=\"auto, (max-width: 480px) 100vw, 480px\" \/><\/a><\/div><div class=\"project-item item isotope-item barrierecheckerinnen \"><a class=\"project-pop-wrap\" href=\"https:\/\/www.kaischuberseel.de\/?projects=parade-gemeinsam-fuer-gleichstellung-fuer-die-inklusiven-heldinnen-des-alltags\"><div class=\"project-pop\"><\/div><div class=\"project-title-wrap\"><div class=\"project-title\"><span>Parade: Gemeinsam f\u00fcr Gleichstellung \u2013 f\u00fcr die inklusiven Held:innen des Alltags<\/span><\/div><\/div><\/a><a href=\"https:\/\/www.kaischuberseel.de\/?projects=parade-gemeinsam-fuer-gleichstellung-fuer-die-inklusiven-heldinnen-des-alltags\"><img loading=\"lazy\" decoding=\"async\" width=\"480\" height=\"320\" src=\"https:\/\/www.kaischuberseel.de\/wp-content\/uploads\/2023\/05\/Parade-3-480x320.jpg\" class=\"attachment-sydney-mas-thumb size-sydney-mas-thumb wp-post-image\" alt=\"\" srcset=\"https:\/\/www.kaischuberseel.de\/wp-content\/uploads\/2023\/05\/Parade-3-480x320.jpg 480w, https:\/\/www.kaischuberseel.de\/wp-content\/uploads\/2023\/05\/Parade-3-300x200.jpg 300w, https:\/\/www.kaischuberseel.de\/wp-content\/uploads\/2023\/05\/Parade-3-1030x686.jpg 1030w, https:\/\/www.kaischuberseel.de\/wp-content\/uploads\/2023\/05\/Parade-3-768x512.jpg 768w, https:\/\/www.kaischuberseel.de\/wp-content\/uploads\/2023\/05\/Parade-3-1536x1024.jpg 1536w, https:\/\/www.kaischuberseel.de\/wp-content\/uploads\/2023\/05\/Parade-3-1000x666.jpg 1000w, https:\/\/www.kaischuberseel.de\/wp-content\/uploads\/2023\/05\/Parade-3-230x153.jpg 230w, https:\/\/www.kaischuberseel.de\/wp-content\/uploads\/2023\/05\/Parade-3-350x233.jpg 350w, https:\/\/www.kaischuberseel.de\/wp-content\/uploads\/2023\/05\/Parade-3-24x16.jpg 24w, https:\/\/www.kaischuberseel.de\/wp-content\/uploads\/2023\/05\/Parade-3-36x24.jpg 36w, https:\/\/www.kaischuberseel.de\/wp-content\/uploads\/2023\/05\/Parade-3-48x32.jpg 48w, https:\/\/www.kaischuberseel.de\/wp-content\/uploads\/2023\/05\/Parade-3-272x182.jpg 272w, https:\/\/www.kaischuberseel.de\/wp-content\/uploads\/2023\/05\/Parade-3.jpg 1640w\" sizes=\"auto, (max-width: 480px) 100vw, 480px\" \/><\/a><\/div><div class=\"project-item item isotope-item barrierecheckerinnen \"><a class=\"project-pop-wrap\" href=\"https:\/\/www.kaischuberseel.de\/?projects=barrierecheckerinnen-checken-clevershuttle-und-den-heinerliner\"><div class=\"project-pop\"><\/div><div class=\"project-title-wrap\"><div class=\"project-title\"><span>Barrierechecker:innen checken CleverShuttle und den HeinerLiner<\/span><\/div><\/div><\/a><a href=\"https:\/\/www.kaischuberseel.de\/?projects=barrierecheckerinnen-checken-clevershuttle-und-den-heinerliner\"><img loading=\"lazy\" decoding=\"async\" width=\"480\" height=\"320\" src=\"https:\/\/www.kaischuberseel.de\/wp-content\/uploads\/2022\/11\/HeinerLiner-1-480x320.jpg\" class=\"attachment-sydney-mas-thumb size-sydney-mas-thumb wp-post-image\" alt=\"\" srcset=\"https:\/\/www.kaischuberseel.de\/wp-content\/uploads\/2022\/11\/HeinerLiner-1-480x320.jpg 480w, https:\/\/www.kaischuberseel.de\/wp-content\/uploads\/2022\/11\/HeinerLiner-1-300x200.jpg 300w, https:\/\/www.kaischuberseel.de\/wp-content\/uploads\/2022\/11\/HeinerLiner-1-1030x686.jpg 1030w, https:\/\/www.kaischuberseel.de\/wp-content\/uploads\/2022\/11\/HeinerLiner-1-768x512.jpg 768w, https:\/\/www.kaischuberseel.de\/wp-content\/uploads\/2022\/11\/HeinerLiner-1-1536x1024.jpg 1536w, https:\/\/www.kaischuberseel.de\/wp-content\/uploads\/2022\/11\/HeinerLiner-1-1000x666.jpg 1000w, https:\/\/www.kaischuberseel.de\/wp-content\/uploads\/2022\/11\/HeinerLiner-1-230x153.jpg 230w, https:\/\/www.kaischuberseel.de\/wp-content\/uploads\/2022\/11\/HeinerLiner-1-350x233.jpg 350w, https:\/\/www.kaischuberseel.de\/wp-content\/uploads\/2022\/11\/HeinerLiner-1-24x16.jpg 24w, https:\/\/www.kaischuberseel.de\/wp-content\/uploads\/2022\/11\/HeinerLiner-1-36x24.jpg 36w, https:\/\/www.kaischuberseel.de\/wp-content\/uploads\/2022\/11\/HeinerLiner-1-48x32.jpg 48w, https:\/\/www.kaischuberseel.de\/wp-content\/uploads\/2022\/11\/HeinerLiner-1-272x182.jpg 272w, https:\/\/www.kaischuberseel.de\/wp-content\/uploads\/2022\/11\/HeinerLiner-1.jpg 1640w\" sizes=\"auto, (max-width: 480px) 100vw, 480px\" \/><\/a><\/div><div class=\"project-item item isotope-item ausserschulische-bildung \"><a class=\"project-pop-wrap\" href=\"https:\/\/www.kaischuberseel.de\/?projects=gewinner-der-7-spirwes-preisverleihung\"><div class=\"project-pop\"><\/div><div class=\"project-title-wrap\"><div class=\"project-title\"><span>Gewinner der 7. Spirwes Preisverleihung<\/span><\/div><\/div><\/a><a href=\"https:\/\/www.kaischuberseel.de\/?projects=gewinner-der-7-spirwes-preisverleihung\"><img loading=\"lazy\" decoding=\"async\" width=\"480\" height=\"360\" src=\"https:\/\/www.kaischuberseel.de\/wp-content\/uploads\/2022\/11\/Preisverleihung-480x360.jpg\" class=\"attachment-sydney-mas-thumb size-sydney-mas-thumb wp-post-image\" alt=\"\" srcset=\"https:\/\/www.kaischuberseel.de\/wp-content\/uploads\/2022\/11\/Preisverleihung-480x360.jpg 480w, https:\/\/www.kaischuberseel.de\/wp-content\/uploads\/2022\/11\/Preisverleihung-300x225.jpg 300w, https:\/\/www.kaischuberseel.de\/wp-content\/uploads\/2022\/11\/Preisverleihung-1030x773.jpg 1030w, https:\/\/www.kaischuberseel.de\/wp-content\/uploads\/2022\/11\/Preisverleihung-768x576.jpg 768w, https:\/\/www.kaischuberseel.de\/wp-content\/uploads\/2022\/11\/Preisverleihung-1536x1152.jpg 1536w, https:\/\/www.kaischuberseel.de\/wp-content\/uploads\/2022\/11\/Preisverleihung-1000x750.jpg 1000w, https:\/\/www.kaischuberseel.de\/wp-content\/uploads\/2022\/11\/Preisverleihung-230x173.jpg 230w, https:\/\/www.kaischuberseel.de\/wp-content\/uploads\/2022\/11\/Preisverleihung-350x263.jpg 350w, https:\/\/www.kaischuberseel.de\/wp-content\/uploads\/2022\/11\/Preisverleihung-24x18.jpg 24w, https:\/\/www.kaischuberseel.de\/wp-content\/uploads\/2022\/11\/Preisverleihung-36x27.jpg 36w, https:\/\/www.kaischuberseel.de\/wp-content\/uploads\/2022\/11\/Preisverleihung-48x36.jpg 48w, https:\/\/www.kaischuberseel.de\/wp-content\/uploads\/2022\/11\/Preisverleihung.jpg 1600w\" sizes=\"auto, (max-width: 480px) 100vw, 480px\" \/><\/a><\/div><div class=\"project-item item isotope-item darmstadt_speakers theaterhaeuser \"><a class=\"project-pop-wrap\" href=\"https:\/\/www.kaischuberseel.de\/?projects=darmstadt_speakers-ins-freie\"><div class=\"project-pop\"><\/div><div class=\"project-title-wrap\"><div class=\"project-title\"><span>DARMSTADT_SPEAKERS \u2013 INS FREIE<\/span><\/div><\/div><\/a><a href=\"https:\/\/www.kaischuberseel.de\/?projects=darmstadt_speakers-ins-freie\"><img loading=\"lazy\" decoding=\"async\" width=\"480\" height=\"320\" src=\"https:\/\/www.kaischuberseel.de\/wp-content\/uploads\/2022\/03\/Kai-480x320.jpg\" class=\"attachment-sydney-mas-thumb size-sydney-mas-thumb wp-post-image\" alt=\"\" srcset=\"https:\/\/www.kaischuberseel.de\/wp-content\/uploads\/2022\/03\/Kai-480x320.jpg 480w, https:\/\/www.kaischuberseel.de\/wp-content\/uploads\/2022\/03\/Kai-300x200.jpg 300w, https:\/\/www.kaischuberseel.de\/wp-content\/uploads\/2022\/03\/Kai-768x512.jpg 768w, https:\/\/www.kaischuberseel.de\/wp-content\/uploads\/2022\/03\/Kai-920x613.jpg 920w, https:\/\/www.kaischuberseel.de\/wp-content\/uploads\/2022\/03\/Kai-230x153.jpg 230w, https:\/\/www.kaischuberseel.de\/wp-content\/uploads\/2022\/03\/Kai-350x233.jpg 350w, https:\/\/www.kaischuberseel.de\/wp-content\/uploads\/2022\/03\/Kai-272x182.jpg 272w, https:\/\/www.kaischuberseel.de\/wp-content\/uploads\/2022\/03\/Kai.jpg 960w\" sizes=\"auto, (max-width: 480px) 100vw, 480px\" \/><\/a><\/div><div class=\"project-item item isotope-item darmstadt_speakers freie-szene \"><a class=\"project-pop-wrap\" href=\"https:\/\/www.kaischuberseel.de\/?projects=darmstadt_speakers-out-of-the-city\"><div class=\"project-pop\"><\/div><div class=\"project-title-wrap\"><div class=\"project-title\"><span>DARMSTADT_SPEAKERS \u2013 Out of the city!<\/span><\/div><\/div><\/a><a href=\"https:\/\/www.kaischuberseel.de\/?projects=darmstadt_speakers-out-of-the-city\"><img loading=\"lazy\" decoding=\"async\" width=\"480\" height=\"360\" src=\"https:\/\/www.kaischuberseel.de\/wp-content\/uploads\/2022\/11\/RADI1812-480x360.jpg\" class=\"attachment-sydney-mas-thumb size-sydney-mas-thumb wp-post-image\" alt=\"\" srcset=\"https:\/\/www.kaischuberseel.de\/wp-content\/uploads\/2022\/11\/RADI1812-480x360.jpg 480w, https:\/\/www.kaischuberseel.de\/wp-content\/uploads\/2022\/11\/RADI1812-300x225.jpg 300w, https:\/\/www.kaischuberseel.de\/wp-content\/uploads\/2022\/11\/RADI1812-1030x773.jpg 1030w, https:\/\/www.kaischuberseel.de\/wp-content\/uploads\/2022\/11\/RADI1812-768x576.jpg 768w, https:\/\/www.kaischuberseel.de\/wp-content\/uploads\/2022\/11\/RADI1812-1536x1152.jpg 1536w, https:\/\/www.kaischuberseel.de\/wp-content\/uploads\/2022\/11\/RADI1812-1000x750.jpg 1000w, https:\/\/www.kaischuberseel.de\/wp-content\/uploads\/2022\/11\/RADI1812-230x173.jpg 230w, https:\/\/www.kaischuberseel.de\/wp-content\/uploads\/2022\/11\/RADI1812-350x263.jpg 350w, https:\/\/www.kaischuberseel.de\/wp-content\/uploads\/2022\/11\/RADI1812-24x18.jpg 24w, https:\/\/www.kaischuberseel.de\/wp-content\/uploads\/2022\/11\/RADI1812-36x27.jpg 36w, https:\/\/www.kaischuberseel.de\/wp-content\/uploads\/2022\/11\/RADI1812-48x36.jpg 48w, https:\/\/www.kaischuberseel.de\/wp-content\/uploads\/2022\/11\/RADI1812.jpg 1640w\" sizes=\"auto, (max-width: 480px) 100vw, 480px\" \/><\/a><\/div><div class=\"project-item item isotope-item darmstadt_speakers \"><a class=\"project-pop-wrap\" href=\"https:\/\/www.kaischuberseel.de\/?projects=darmstadt_speakers-kulturkiste\"><div class=\"project-pop\"><\/div><div class=\"project-title-wrap\"><div class=\"project-title\"><span>DARMSTADT_SPEAKERS \u2013 KulturKiste<\/span><\/div><\/div><\/a><a href=\"https:\/\/www.kaischuberseel.de\/?projects=darmstadt_speakers-kulturkiste\"><img loading=\"lazy\" decoding=\"async\" width=\"480\" height=\"360\" src=\"https:\/\/www.kaischuberseel.de\/wp-content\/uploads\/2022\/11\/Manfred-Rademacher-30-480x360.jpg\" class=\"attachment-sydney-mas-thumb size-sydney-mas-thumb wp-post-image\" alt=\"\" srcset=\"https:\/\/www.kaischuberseel.de\/wp-content\/uploads\/2022\/11\/Manfred-Rademacher-30-480x360.jpg 480w, https:\/\/www.kaischuberseel.de\/wp-content\/uploads\/2022\/11\/Manfred-Rademacher-30-300x225.jpg 300w, https:\/\/www.kaischuberseel.de\/wp-content\/uploads\/2022\/11\/Manfred-Rademacher-30-1030x773.jpg 1030w, https:\/\/www.kaischuberseel.de\/wp-content\/uploads\/2022\/11\/Manfred-Rademacher-30-768x576.jpg 768w, https:\/\/www.kaischuberseel.de\/wp-content\/uploads\/2022\/11\/Manfred-Rademacher-30-1536x1152.jpg 1536w, https:\/\/www.kaischuberseel.de\/wp-content\/uploads\/2022\/11\/Manfred-Rademacher-30-1000x750.jpg 1000w, https:\/\/www.kaischuberseel.de\/wp-content\/uploads\/2022\/11\/Manfred-Rademacher-30-230x173.jpg 230w, https:\/\/www.kaischuberseel.de\/wp-content\/uploads\/2022\/11\/Manfred-Rademacher-30-350x263.jpg 350w, https:\/\/www.kaischuberseel.de\/wp-content\/uploads\/2022\/11\/Manfred-Rademacher-30-24x18.jpg 24w, https:\/\/www.kaischuberseel.de\/wp-content\/uploads\/2022\/11\/Manfred-Rademacher-30-36x27.jpg 36w, https:\/\/www.kaischuberseel.de\/wp-content\/uploads\/2022\/11\/Manfred-Rademacher-30-48x36.jpg 48w, https:\/\/www.kaischuberseel.de\/wp-content\/uploads\/2022\/11\/Manfred-Rademacher-30.jpg 1640w\" sizes=\"auto, (max-width: 480px) 100vw, 480px\" \/><\/a><\/div><div class=\"project-item item isotope-item darmstadt_speakers freie-szene \"><a class=\"project-pop-wrap\" href=\"https:\/\/www.kaischuberseel.de\/?projects=darmstadt_speakers-gegengift\"><div class=\"project-pop\"><\/div><div class=\"project-title-wrap\"><div class=\"project-title\"><span>DARMSTADT_SPEAKERS \u2013 Gegengift<\/span><\/div><\/div><\/a><a href=\"https:\/\/www.kaischuberseel.de\/?projects=darmstadt_speakers-gegengift\"><img loading=\"lazy\" decoding=\"async\" width=\"480\" height=\"360\" src=\"https:\/\/www.kaischuberseel.de\/wp-content\/uploads\/2022\/11\/RADI1136-480x360.jpg\" class=\"attachment-sydney-mas-thumb size-sydney-mas-thumb wp-post-image\" alt=\"\" srcset=\"https:\/\/www.kaischuberseel.de\/wp-content\/uploads\/2022\/11\/RADI1136-480x360.jpg 480w, https:\/\/www.kaischuberseel.de\/wp-content\/uploads\/2022\/11\/RADI1136-300x225.jpg 300w, https:\/\/www.kaischuberseel.de\/wp-content\/uploads\/2022\/11\/RADI1136-1030x773.jpg 1030w, https:\/\/www.kaischuberseel.de\/wp-content\/uploads\/2022\/11\/RADI1136-768x576.jpg 768w, https:\/\/www.kaischuberseel.de\/wp-content\/uploads\/2022\/11\/RADI1136-1536x1152.jpg 1536w, https:\/\/www.kaischuberseel.de\/wp-content\/uploads\/2022\/11\/RADI1136-1000x750.jpg 1000w, https:\/\/www.kaischuberseel.de\/wp-content\/uploads\/2022\/11\/RADI1136-230x173.jpg 230w, https:\/\/www.kaischuberseel.de\/wp-content\/uploads\/2022\/11\/RADI1136-350x263.jpg 350w, https:\/\/www.kaischuberseel.de\/wp-content\/uploads\/2022\/11\/RADI1136-24x18.jpg 24w, https:\/\/www.kaischuberseel.de\/wp-content\/uploads\/2022\/11\/RADI1136-36x27.jpg 36w, https:\/\/www.kaischuberseel.de\/wp-content\/uploads\/2022\/11\/RADI1136-48x36.jpg 48w, https:\/\/www.kaischuberseel.de\/wp-content\/uploads\/2022\/11\/RADI1136.jpg 1640w\" sizes=\"auto, (max-width: 480px) 100vw, 480px\" \/><\/a><\/div><div class=\"project-item item isotope-item darmstadt_speakers \"><a class=\"project-pop-wrap\" href=\"https:\/\/www.kaischuberseel.de\/?projects=darmstadt_speakers-die-bar-ist-die-buehne\"><div class=\"project-pop\"><\/div><div class=\"project-title-wrap\"><div class=\"project-title\"><span>DARMSTADT_SPEAKERS \u2013 die Bar ist die B\u00fchne<\/span><\/div><\/div><\/a><a href=\"https:\/\/www.kaischuberseel.de\/?projects=darmstadt_speakers-die-bar-ist-die-buehne\"><img loading=\"lazy\" decoding=\"async\" width=\"480\" height=\"640\" src=\"https:\/\/www.kaischuberseel.de\/wp-content\/uploads\/2022\/11\/RADI0573-480x640.jpg\" class=\"attachment-sydney-mas-thumb size-sydney-mas-thumb wp-post-image\" alt=\"\" srcset=\"https:\/\/www.kaischuberseel.de\/wp-content\/uploads\/2022\/11\/RADI0573-480x640.jpg 480w, https:\/\/www.kaischuberseel.de\/wp-content\/uploads\/2022\/11\/RADI0573-225x300.jpg 225w, https:\/\/www.kaischuberseel.de\/wp-content\/uploads\/2022\/11\/RADI0573-773x1030.jpg 773w, https:\/\/www.kaischuberseel.de\/wp-content\/uploads\/2022\/11\/RADI0573-768x1024.jpg 768w, https:\/\/www.kaischuberseel.de\/wp-content\/uploads\/2022\/11\/RADI0573-1152x1536.jpg 1152w, https:\/\/www.kaischuberseel.de\/wp-content\/uploads\/2022\/11\/RADI0573-1000x1333.jpg 1000w, https:\/\/www.kaischuberseel.de\/wp-content\/uploads\/2022\/11\/RADI0573-230x307.jpg 230w, https:\/\/www.kaischuberseel.de\/wp-content\/uploads\/2022\/11\/RADI0573-350x467.jpg 350w, https:\/\/www.kaischuberseel.de\/wp-content\/uploads\/2022\/11\/RADI0573-18x24.jpg 18w, https:\/\/www.kaischuberseel.de\/wp-content\/uploads\/2022\/11\/RADI0573-27x36.jpg 27w, https:\/\/www.kaischuberseel.de\/wp-content\/uploads\/2022\/11\/RADI0573-36x48.jpg 36w, https:\/\/www.kaischuberseel.de\/wp-content\/uploads\/2022\/11\/RADI0573.jpg 1230w\" sizes=\"auto, (max-width: 480px) 100vw, 480px\" \/><\/a><\/div><div class=\"project-item item isotope-item barrierecheckerinnen \"><a class=\"project-pop-wrap\" href=\"https:\/\/www.kaischuberseel.de\/?projects=barrierecheckerinnen-check-8\"><div class=\"project-pop\"><\/div><div class=\"project-title-wrap\"><div class=\"project-title\"><span>Barrierechecker:innen Check #8<\/span><\/div><\/div><\/a><a href=\"https:\/\/www.kaischuberseel.de\/?projects=barrierecheckerinnen-check-8\"><img loading=\"lazy\" decoding=\"async\" width=\"480\" height=\"320\" src=\"https:\/\/www.kaischuberseel.de\/wp-content\/uploads\/2022\/11\/HeinerLiner-1-480x320.jpg\" class=\"attachment-sydney-mas-thumb size-sydney-mas-thumb wp-post-image\" alt=\"\" srcset=\"https:\/\/www.kaischuberseel.de\/wp-content\/uploads\/2022\/11\/HeinerLiner-1-480x320.jpg 480w, https:\/\/www.kaischuberseel.de\/wp-content\/uploads\/2022\/11\/HeinerLiner-1-300x200.jpg 300w, https:\/\/www.kaischuberseel.de\/wp-content\/uploads\/2022\/11\/HeinerLiner-1-1030x686.jpg 1030w, https:\/\/www.kaischuberseel.de\/wp-content\/uploads\/2022\/11\/HeinerLiner-1-768x512.jpg 768w, https:\/\/www.kaischuberseel.de\/wp-content\/uploads\/2022\/11\/HeinerLiner-1-1536x1024.jpg 1536w, https:\/\/www.kaischuberseel.de\/wp-content\/uploads\/2022\/11\/HeinerLiner-1-1000x666.jpg 1000w, https:\/\/www.kaischuberseel.de\/wp-content\/uploads\/2022\/11\/HeinerLiner-1-230x153.jpg 230w, https:\/\/www.kaischuberseel.de\/wp-content\/uploads\/2022\/11\/HeinerLiner-1-350x233.jpg 350w, https:\/\/www.kaischuberseel.de\/wp-content\/uploads\/2022\/11\/HeinerLiner-1-24x16.jpg 24w, https:\/\/www.kaischuberseel.de\/wp-content\/uploads\/2022\/11\/HeinerLiner-1-36x24.jpg 36w, https:\/\/www.kaischuberseel.de\/wp-content\/uploads\/2022\/11\/HeinerLiner-1-48x32.jpg 48w, https:\/\/www.kaischuberseel.de\/wp-content\/uploads\/2022\/11\/HeinerLiner-1-272x182.jpg 272w, https:\/\/www.kaischuberseel.de\/wp-content\/uploads\/2022\/11\/HeinerLiner-1.jpg 1640w\" sizes=\"auto, (max-width: 480px) 100vw, 480px\" \/><\/a><\/div><div class=\"project-item item isotope-item barrierecheckerinnen \"><a class=\"project-pop-wrap\" href=\"https:\/\/www.kaischuberseel.de\/?projects=die-barrierecheckerinnen-check7\"><div class=\"project-pop\"><\/div><div class=\"project-title-wrap\"><div class=\"project-title\"><span>Die Barrierechecker:innen Check#7<\/span><\/div><\/div><\/a><a href=\"https:\/\/www.kaischuberseel.de\/?projects=die-barrierecheckerinnen-check7\"><img loading=\"lazy\" decoding=\"async\" width=\"480\" height=\"227\" src=\"https:\/\/www.kaischuberseel.de\/wp-content\/uploads\/2022\/11\/RADI4493-Pano-480x227.jpg\" class=\"attachment-sydney-mas-thumb size-sydney-mas-thumb wp-post-image\" alt=\"\" srcset=\"https:\/\/www.kaischuberseel.de\/wp-content\/uploads\/2022\/11\/RADI4493-Pano-480x227.jpg 480w, https:\/\/www.kaischuberseel.de\/wp-content\/uploads\/2022\/11\/RADI4493-Pano-300x142.jpg 300w, https:\/\/www.kaischuberseel.de\/wp-content\/uploads\/2022\/11\/RADI4493-Pano-1030x487.jpg 1030w, https:\/\/www.kaischuberseel.de\/wp-content\/uploads\/2022\/11\/RADI4493-Pano-768x363.jpg 768w, https:\/\/www.kaischuberseel.de\/wp-content\/uploads\/2022\/11\/RADI4493-Pano-1536x727.jpg 1536w, https:\/\/www.kaischuberseel.de\/wp-content\/uploads\/2022\/11\/RADI4493-Pano-1000x473.jpg 1000w, https:\/\/www.kaischuberseel.de\/wp-content\/uploads\/2022\/11\/RADI4493-Pano-230x109.jpg 230w, https:\/\/www.kaischuberseel.de\/wp-content\/uploads\/2022\/11\/RADI4493-Pano-350x166.jpg 350w, https:\/\/www.kaischuberseel.de\/wp-content\/uploads\/2022\/11\/RADI4493-Pano-24x11.jpg 24w, https:\/\/www.kaischuberseel.de\/wp-content\/uploads\/2022\/11\/RADI4493-Pano-36x17.jpg 36w, https:\/\/www.kaischuberseel.de\/wp-content\/uploads\/2022\/11\/RADI4493-Pano-48x23.jpg 48w, https:\/\/www.kaischuberseel.de\/wp-content\/uploads\/2022\/11\/RADI4493-Pano.jpg 1640w\" sizes=\"auto, (max-width: 480px) 100vw, 480px\" \/><\/a><\/div><div class=\"project-item item isotope-item barrierecheckerinnen \"><a class=\"project-pop-wrap\" href=\"https:\/\/www.kaischuberseel.de\/?projects=barrierecheckerinnen-check-6\"><div class=\"project-pop\"><\/div><div class=\"project-title-wrap\"><div class=\"project-title\"><span>Barrierechecker:innen Check #6<\/span><\/div><\/div><\/a><a href=\"https:\/\/www.kaischuberseel.de\/?projects=barrierecheckerinnen-check-6\"><img loading=\"lazy\" decoding=\"async\" width=\"480\" height=\"320\" src=\"https:\/\/www.kaischuberseel.de\/wp-content\/uploads\/2022\/11\/Heinerfest-3-480x320.jpg\" class=\"attachment-sydney-mas-thumb size-sydney-mas-thumb wp-post-image\" alt=\"\" srcset=\"https:\/\/www.kaischuberseel.de\/wp-content\/uploads\/2022\/11\/Heinerfest-3-480x320.jpg 480w, https:\/\/www.kaischuberseel.de\/wp-content\/uploads\/2022\/11\/Heinerfest-3-300x200.jpg 300w, https:\/\/www.kaischuberseel.de\/wp-content\/uploads\/2022\/11\/Heinerfest-3-1030x686.jpg 1030w, https:\/\/www.kaischuberseel.de\/wp-content\/uploads\/2022\/11\/Heinerfest-3-768x512.jpg 768w, https:\/\/www.kaischuberseel.de\/wp-content\/uploads\/2022\/11\/Heinerfest-3-1536x1024.jpg 1536w, https:\/\/www.kaischuberseel.de\/wp-content\/uploads\/2022\/11\/Heinerfest-3-1000x666.jpg 1000w, https:\/\/www.kaischuberseel.de\/wp-content\/uploads\/2022\/11\/Heinerfest-3-230x153.jpg 230w, https:\/\/www.kaischuberseel.de\/wp-content\/uploads\/2022\/11\/Heinerfest-3-350x233.jpg 350w, https:\/\/www.kaischuberseel.de\/wp-content\/uploads\/2022\/11\/Heinerfest-3-24x16.jpg 24w, https:\/\/www.kaischuberseel.de\/wp-content\/uploads\/2022\/11\/Heinerfest-3-36x24.jpg 36w, https:\/\/www.kaischuberseel.de\/wp-content\/uploads\/2022\/11\/Heinerfest-3-48x32.jpg 48w, https:\/\/www.kaischuberseel.de\/wp-content\/uploads\/2022\/11\/Heinerfest-3-272x182.jpg 272w, https:\/\/www.kaischuberseel.de\/wp-content\/uploads\/2022\/11\/Heinerfest-3.jpg 1640w\" sizes=\"auto, (max-width: 480px) 100vw, 480px\" \/><\/a><\/div><div class=\"project-item item isotope-item barrierecheckerinnen \"><a class=\"project-pop-wrap\" href=\"https:\/\/www.kaischuberseel.de\/?projects=barrierecheckerinnen-check-5\"><div class=\"project-pop\"><\/div><div class=\"project-title-wrap\"><div class=\"project-title\"><span>Barrierechecker:innen Check #5<\/span><\/div><\/div><\/a><a href=\"https:\/\/www.kaischuberseel.de\/?projects=barrierecheckerinnen-check-5\"><img loading=\"lazy\" decoding=\"async\" width=\"480\" height=\"320\" src=\"https:\/\/www.kaischuberseel.de\/wp-content\/uploads\/2022\/11\/RADI7275-480x320.jpg\" class=\"attachment-sydney-mas-thumb size-sydney-mas-thumb wp-post-image\" alt=\"\" srcset=\"https:\/\/www.kaischuberseel.de\/wp-content\/uploads\/2022\/11\/RADI7275-480x320.jpg 480w, https:\/\/www.kaischuberseel.de\/wp-content\/uploads\/2022\/11\/RADI7275-300x200.jpg 300w, https:\/\/www.kaischuberseel.de\/wp-content\/uploads\/2022\/11\/RADI7275-1030x686.jpg 1030w, https:\/\/www.kaischuberseel.de\/wp-content\/uploads\/2022\/11\/RADI7275-768x512.jpg 768w, https:\/\/www.kaischuberseel.de\/wp-content\/uploads\/2022\/11\/RADI7275-1536x1024.jpg 1536w, https:\/\/www.kaischuberseel.de\/wp-content\/uploads\/2022\/11\/RADI7275-1000x666.jpg 1000w, https:\/\/www.kaischuberseel.de\/wp-content\/uploads\/2022\/11\/RADI7275-230x153.jpg 230w, https:\/\/www.kaischuberseel.de\/wp-content\/uploads\/2022\/11\/RADI7275-350x233.jpg 350w, https:\/\/www.kaischuberseel.de\/wp-content\/uploads\/2022\/11\/RADI7275-24x16.jpg 24w, https:\/\/www.kaischuberseel.de\/wp-content\/uploads\/2022\/11\/RADI7275-36x24.jpg 36w, https:\/\/www.kaischuberseel.de\/wp-content\/uploads\/2022\/11\/RADI7275-48x32.jpg 48w, https:\/\/www.kaischuberseel.de\/wp-content\/uploads\/2022\/11\/RADI7275-272x182.jpg 272w, https:\/\/www.kaischuberseel.de\/wp-content\/uploads\/2022\/11\/RADI7275.jpg 1640w\" sizes=\"auto, (max-width: 480px) 100vw, 480px\" \/><\/a><\/div><div class=\"project-item item isotope-item barrierecheckerinnen \"><a class=\"project-pop-wrap\" href=\"https:\/\/www.kaischuberseel.de\/?projects=barrierecheckerinnen-im-kopf-gehts-los-der-zweite-check\"><div class=\"project-pop\"><\/div><div class=\"project-title-wrap\"><div class=\"project-title\"><span>Barrierechecker:innen Check#2<\/span><\/div><\/div><\/a><a href=\"https:\/\/www.kaischuberseel.de\/?projects=barrierecheckerinnen-im-kopf-gehts-los-der-zweite-check\"><img loading=\"lazy\" decoding=\"async\" width=\"480\" height=\"320\" src=\"https:\/\/www.kaischuberseel.de\/wp-content\/uploads\/2022\/11\/RADI3985-480x320.jpg\" class=\"attachment-sydney-mas-thumb size-sydney-mas-thumb wp-post-image\" alt=\"\" srcset=\"https:\/\/www.kaischuberseel.de\/wp-content\/uploads\/2022\/11\/RADI3985-480x320.jpg 480w, https:\/\/www.kaischuberseel.de\/wp-content\/uploads\/2022\/11\/RADI3985-300x200.jpg 300w, https:\/\/www.kaischuberseel.de\/wp-content\/uploads\/2022\/11\/RADI3985-1030x686.jpg 1030w, https:\/\/www.kaischuberseel.de\/wp-content\/uploads\/2022\/11\/RADI3985-768x512.jpg 768w, https:\/\/www.kaischuberseel.de\/wp-content\/uploads\/2022\/11\/RADI3985-1536x1024.jpg 1536w, https:\/\/www.kaischuberseel.de\/wp-content\/uploads\/2022\/11\/RADI3985-1000x666.jpg 1000w, https:\/\/www.kaischuberseel.de\/wp-content\/uploads\/2022\/11\/RADI3985-230x153.jpg 230w, https:\/\/www.kaischuberseel.de\/wp-content\/uploads\/2022\/11\/RADI3985-350x233.jpg 350w, https:\/\/www.kaischuberseel.de\/wp-content\/uploads\/2022\/11\/RADI3985-24x16.jpg 24w, https:\/\/www.kaischuberseel.de\/wp-content\/uploads\/2022\/11\/RADI3985-36x24.jpg 36w, https:\/\/www.kaischuberseel.de\/wp-content\/uploads\/2022\/11\/RADI3985-48x32.jpg 48w, https:\/\/www.kaischuberseel.de\/wp-content\/uploads\/2022\/11\/RADI3985-272x182.jpg 272w, https:\/\/www.kaischuberseel.de\/wp-content\/uploads\/2022\/11\/RADI3985.jpg 1640w\" sizes=\"auto, (max-width: 480px) 100vw, 480px\" \/><\/a><\/div><div class=\"project-item item isotope-item theaterhaeuser \"><a class=\"project-pop-wrap\" href=\"https:\/\/www.kaischuberseel.de\/?projects=die-moller-crew-und-herr-pu\"><div class=\"project-pop\"><\/div><div class=\"project-title-wrap\"><div class=\"project-title\"><span>Die Moller Crew und Herr P\u00fa<\/span><\/div><\/div><\/a><a href=\"https:\/\/www.kaischuberseel.de\/?projects=die-moller-crew-und-herr-pu\"><img loading=\"lazy\" decoding=\"async\" width=\"480\" height=\"441\" src=\"https:\/\/www.kaischuberseel.de\/wp-content\/uploads\/2022\/10\/SpielclubsZukunft-1-480x441.png\" class=\"attachment-sydney-mas-thumb size-sydney-mas-thumb wp-post-image\" alt=\"\" srcset=\"https:\/\/www.kaischuberseel.de\/wp-content\/uploads\/2022\/10\/SpielclubsZukunft-1-480x441.png 480w, https:\/\/www.kaischuberseel.de\/wp-content\/uploads\/2022\/10\/SpielclubsZukunft-1-300x276.png 300w, https:\/\/www.kaischuberseel.de\/wp-content\/uploads\/2022\/10\/SpielclubsZukunft-1-230x211.png 230w, https:\/\/www.kaischuberseel.de\/wp-content\/uploads\/2022\/10\/SpielclubsZukunft-1-350x321.png 350w, https:\/\/www.kaischuberseel.de\/wp-content\/uploads\/2022\/10\/SpielclubsZukunft-1-24x22.png 24w, https:\/\/www.kaischuberseel.de\/wp-content\/uploads\/2022\/10\/SpielclubsZukunft-1-36x33.png 36w, https:\/\/www.kaischuberseel.de\/wp-content\/uploads\/2022\/10\/SpielclubsZukunft-1-48x44.png 48w, https:\/\/www.kaischuberseel.de\/wp-content\/uploads\/2022\/10\/SpielclubsZukunft-1.png 540w\" sizes=\"auto, (max-width: 480px) 100vw, 480px\" \/><\/a><\/div><div class=\"project-item item isotope-item darmstadt_speakers \"><a class=\"project-pop-wrap\" href=\"https:\/\/www.kaischuberseel.de\/?projects=darmstadt_speakers-die-kultur-oeffnet-tueren\"><div class=\"project-pop\"><\/div><div class=\"project-title-wrap\"><div class=\"project-title\"><span>DARMSTADT_SPEAKERS \u2013 Die Kultur \u00f6ffnet T\u00fcren<\/span><\/div><\/div><\/a><a href=\"https:\/\/www.kaischuberseel.de\/?projects=darmstadt_speakers-die-kultur-oeffnet-tueren\"><img loading=\"lazy\" decoding=\"async\" width=\"480\" height=\"360\" src=\"https:\/\/www.kaischuberseel.de\/wp-content\/uploads\/2022\/07\/RADI0304_bearbeitet-480x360.jpg\" class=\"attachment-sydney-mas-thumb size-sydney-mas-thumb wp-post-image\" alt=\"\" srcset=\"https:\/\/www.kaischuberseel.de\/wp-content\/uploads\/2022\/07\/RADI0304_bearbeitet-480x360.jpg 480w, https:\/\/www.kaischuberseel.de\/wp-content\/uploads\/2022\/07\/RADI0304_bearbeitet-300x225.jpg 300w, https:\/\/www.kaischuberseel.de\/wp-content\/uploads\/2022\/07\/RADI0304_bearbeitet-1030x773.jpg 1030w, https:\/\/www.kaischuberseel.de\/wp-content\/uploads\/2022\/07\/RADI0304_bearbeitet-768x576.jpg 768w, https:\/\/www.kaischuberseel.de\/wp-content\/uploads\/2022\/07\/RADI0304_bearbeitet-1536x1152.jpg 1536w, https:\/\/www.kaischuberseel.de\/wp-content\/uploads\/2022\/07\/RADI0304_bearbeitet-920x690.jpg 920w, https:\/\/www.kaischuberseel.de\/wp-content\/uploads\/2022\/07\/RADI0304_bearbeitet-230x173.jpg 230w, https:\/\/www.kaischuberseel.de\/wp-content\/uploads\/2022\/07\/RADI0304_bearbeitet-350x263.jpg 350w, https:\/\/www.kaischuberseel.de\/wp-content\/uploads\/2022\/07\/RADI0304_bearbeitet-24x18.jpg 24w, https:\/\/www.kaischuberseel.de\/wp-content\/uploads\/2022\/07\/RADI0304_bearbeitet-36x27.jpg 36w, https:\/\/www.kaischuberseel.de\/wp-content\/uploads\/2022\/07\/RADI0304_bearbeitet-48x36.jpg 48w, https:\/\/www.kaischuberseel.de\/wp-content\/uploads\/2022\/07\/RADI0304_bearbeitet.jpg 1640w\" sizes=\"auto, (max-width: 480px) 100vw, 480px\" \/><\/a><\/div><div class=\"project-item item isotope-item darmstadt_speakers theaterhaeuser \"><a class=\"project-pop-wrap\" href=\"https:\/\/www.kaischuberseel.de\/?projects=darmstadt_speakers-bei-sound-of-eberstadt-sued\"><div class=\"project-pop\"><\/div><div class=\"project-title-wrap\"><div class=\"project-title\"><span>DARMSTADT_SPEAKERS bei Sound of Eberstadt-S\u00fcd<\/span><\/div><\/div><\/a><a href=\"https:\/\/www.kaischuberseel.de\/?projects=darmstadt_speakers-bei-sound-of-eberstadt-sued\"><img loading=\"lazy\" decoding=\"async\" width=\"480\" height=\"360\" src=\"https:\/\/www.kaischuberseel.de\/wp-content\/uploads\/2022\/09\/DA_SPEAKERS-bei-Sound-of-Eberstadt-Sued-1-480x360.jpg\" class=\"attachment-sydney-mas-thumb size-sydney-mas-thumb wp-post-image\" alt=\"\" srcset=\"https:\/\/www.kaischuberseel.de\/wp-content\/uploads\/2022\/09\/DA_SPEAKERS-bei-Sound-of-Eberstadt-Sued-1-480x360.jpg 480w, https:\/\/www.kaischuberseel.de\/wp-content\/uploads\/2022\/09\/DA_SPEAKERS-bei-Sound-of-Eberstadt-Sued-1-300x225.jpg 300w, https:\/\/www.kaischuberseel.de\/wp-content\/uploads\/2022\/09\/DA_SPEAKERS-bei-Sound-of-Eberstadt-Sued-1-1030x773.jpg 1030w, https:\/\/www.kaischuberseel.de\/wp-content\/uploads\/2022\/09\/DA_SPEAKERS-bei-Sound-of-Eberstadt-Sued-1-768x577.jpg 768w, https:\/\/www.kaischuberseel.de\/wp-content\/uploads\/2022\/09\/DA_SPEAKERS-bei-Sound-of-Eberstadt-Sued-1-920x691.jpg 920w, https:\/\/www.kaischuberseel.de\/wp-content\/uploads\/2022\/09\/DA_SPEAKERS-bei-Sound-of-Eberstadt-Sued-1-230x173.jpg 230w, https:\/\/www.kaischuberseel.de\/wp-content\/uploads\/2022\/09\/DA_SPEAKERS-bei-Sound-of-Eberstadt-Sued-1-350x263.jpg 350w, https:\/\/www.kaischuberseel.de\/wp-content\/uploads\/2022\/09\/DA_SPEAKERS-bei-Sound-of-Eberstadt-Sued-1-24x18.jpg 24w, https:\/\/www.kaischuberseel.de\/wp-content\/uploads\/2022\/09\/DA_SPEAKERS-bei-Sound-of-Eberstadt-Sued-1-36x27.jpg 36w, https:\/\/www.kaischuberseel.de\/wp-content\/uploads\/2022\/09\/DA_SPEAKERS-bei-Sound-of-Eberstadt-Sued-1-48x36.jpg 48w, https:\/\/www.kaischuberseel.de\/wp-content\/uploads\/2022\/09\/DA_SPEAKERS-bei-Sound-of-Eberstadt-Sued-1.jpg 1369w\" sizes=\"auto, (max-width: 480px) 100vw, 480px\" \/><\/a><\/div><div class=\"project-item item isotope-item weitere-kunst \"><a class=\"project-pop-wrap\" href=\"https:\/\/www.kaischuberseel.de\/?projects=hardys-theater-cup-improtheater-mit-herz-und-verstand-am-osthang\"><div class=\"project-pop\"><\/div><div class=\"project-title-wrap\"><div class=\"project-title\"><span>Hardys Theater Cup &#8211; Improtheater mit Herz und Verstand am Osthang<\/span><\/div><\/div><\/a><a href=\"https:\/\/www.kaischuberseel.de\/?projects=hardys-theater-cup-improtheater-mit-herz-und-verstand-am-osthang\"><img loading=\"lazy\" decoding=\"async\" width=\"480\" height=\"640\" src=\"https:\/\/www.kaischuberseel.de\/wp-content\/uploads\/2022\/09\/Manfred-Rademacher-3-480x640.jpg\" class=\"attachment-sydney-mas-thumb size-sydney-mas-thumb wp-post-image\" alt=\"\" srcset=\"https:\/\/www.kaischuberseel.de\/wp-content\/uploads\/2022\/09\/Manfred-Rademacher-3-480x640.jpg 480w, https:\/\/www.kaischuberseel.de\/wp-content\/uploads\/2022\/09\/Manfred-Rademacher-3-225x300.jpg 225w, https:\/\/www.kaischuberseel.de\/wp-content\/uploads\/2022\/09\/Manfred-Rademacher-3-773x1030.jpg 773w, https:\/\/www.kaischuberseel.de\/wp-content\/uploads\/2022\/09\/Manfred-Rademacher-3-768x1024.jpg 768w, https:\/\/www.kaischuberseel.de\/wp-content\/uploads\/2022\/09\/Manfred-Rademacher-3-1152x1536.jpg 1152w, https:\/\/www.kaischuberseel.de\/wp-content\/uploads\/2022\/09\/Manfred-Rademacher-3-920x1227.jpg 920w, https:\/\/www.kaischuberseel.de\/wp-content\/uploads\/2022\/09\/Manfred-Rademacher-3-230x307.jpg 230w, https:\/\/www.kaischuberseel.de\/wp-content\/uploads\/2022\/09\/Manfred-Rademacher-3-350x467.jpg 350w, https:\/\/www.kaischuberseel.de\/wp-content\/uploads\/2022\/09\/Manfred-Rademacher-3-18x24.jpg 18w, https:\/\/www.kaischuberseel.de\/wp-content\/uploads\/2022\/09\/Manfred-Rademacher-3-27x36.jpg 27w, https:\/\/www.kaischuberseel.de\/wp-content\/uploads\/2022\/09\/Manfred-Rademacher-3-36x48.jpg 36w, https:\/\/www.kaischuberseel.de\/wp-content\/uploads\/2022\/09\/Manfred-Rademacher-3.jpg 1230w\" sizes=\"auto, (max-width: 480px) 100vw, 480px\" \/><\/a><\/div><div class=\"project-item item isotope-item weitere-kunst \"><a class=\"project-pop-wrap\" href=\"https:\/\/www.kaischuberseel.de\/?projects=boelle-bande\"><div class=\"project-pop\"><\/div><div class=\"project-title-wrap\"><div class=\"project-title\"><span>B\u00f6lle Bande<\/span><\/div><\/div><\/a><a href=\"https:\/\/www.kaischuberseel.de\/?projects=boelle-bande\"><img loading=\"lazy\" decoding=\"async\" width=\"480\" height=\"640\" src=\"https:\/\/www.kaischuberseel.de\/wp-content\/uploads\/2022\/04\/WhatsApp-Image-2022-04-30-at-12.03.35-480x640.jpeg\" class=\"attachment-sydney-mas-thumb size-sydney-mas-thumb wp-post-image\" alt=\"\" srcset=\"https:\/\/www.kaischuberseel.de\/wp-content\/uploads\/2022\/04\/WhatsApp-Image-2022-04-30-at-12.03.35-480x640.jpeg 480w, https:\/\/www.kaischuberseel.de\/wp-content\/uploads\/2022\/04\/WhatsApp-Image-2022-04-30-at-12.03.35-225x300.jpeg 225w, https:\/\/www.kaischuberseel.de\/wp-content\/uploads\/2022\/04\/WhatsApp-Image-2022-04-30-at-12.03.35-773x1030.jpeg 773w, https:\/\/www.kaischuberseel.de\/wp-content\/uploads\/2022\/04\/WhatsApp-Image-2022-04-30-at-12.03.35-768x1024.jpeg 768w, https:\/\/www.kaischuberseel.de\/wp-content\/uploads\/2022\/04\/WhatsApp-Image-2022-04-30-at-12.03.35-1152x1536.jpeg 1152w, https:\/\/www.kaischuberseel.de\/wp-content\/uploads\/2022\/04\/WhatsApp-Image-2022-04-30-at-12.03.35-920x1227.jpeg 920w, https:\/\/www.kaischuberseel.de\/wp-content\/uploads\/2022\/04\/WhatsApp-Image-2022-04-30-at-12.03.35-230x307.jpeg 230w, https:\/\/www.kaischuberseel.de\/wp-content\/uploads\/2022\/04\/WhatsApp-Image-2022-04-30-at-12.03.35-350x467.jpeg 350w, https:\/\/www.kaischuberseel.de\/wp-content\/uploads\/2022\/04\/WhatsApp-Image-2022-04-30-at-12.03.35-18x24.jpeg 18w, https:\/\/www.kaischuberseel.de\/wp-content\/uploads\/2022\/04\/WhatsApp-Image-2022-04-30-at-12.03.35-27x36.jpeg 27w, https:\/\/www.kaischuberseel.de\/wp-content\/uploads\/2022\/04\/WhatsApp-Image-2022-04-30-at-12.03.35-36x48.jpeg 36w, https:\/\/www.kaischuberseel.de\/wp-content\/uploads\/2022\/04\/WhatsApp-Image-2022-04-30-at-12.03.35.jpeg 1536w\" sizes=\"auto, (max-width: 480px) 100vw, 480px\" \/><\/a><\/div><div class=\"project-item item isotope-item barrierecheckerinnen \"><a class=\"project-pop-wrap\" href=\"https:\/\/www.kaischuberseel.de\/?projects=barrierecheckerinnen-im-kopf-gehts-los\"><div class=\"project-pop\"><\/div><div class=\"project-title-wrap\"><div class=\"project-title\"><span>Barrierechecker:innen Check #1<\/span><\/div><\/div><\/a><a href=\"https:\/\/www.kaischuberseel.de\/?projects=barrierecheckerinnen-im-kopf-gehts-los\"><img loading=\"lazy\" decoding=\"async\" width=\"480\" height=\"320\" src=\"https:\/\/www.kaischuberseel.de\/wp-content\/uploads\/2022\/03\/RADI2482-480x320.jpg\" class=\"attachment-sydney-mas-thumb size-sydney-mas-thumb wp-post-image\" alt=\"\" srcset=\"https:\/\/www.kaischuberseel.de\/wp-content\/uploads\/2022\/03\/RADI2482-480x320.jpg 480w, https:\/\/www.kaischuberseel.de\/wp-content\/uploads\/2022\/03\/RADI2482-300x200.jpg 300w, https:\/\/www.kaischuberseel.de\/wp-content\/uploads\/2022\/03\/RADI2482-1030x687.jpg 1030w, https:\/\/www.kaischuberseel.de\/wp-content\/uploads\/2022\/03\/RADI2482-768x512.jpg 768w, https:\/\/www.kaischuberseel.de\/wp-content\/uploads\/2022\/03\/RADI2482-1536x1024.jpg 1536w, https:\/\/www.kaischuberseel.de\/wp-content\/uploads\/2022\/03\/RADI2482-920x613.jpg 920w, https:\/\/www.kaischuberseel.de\/wp-content\/uploads\/2022\/03\/RADI2482-230x153.jpg 230w, https:\/\/www.kaischuberseel.de\/wp-content\/uploads\/2022\/03\/RADI2482-350x233.jpg 350w, https:\/\/www.kaischuberseel.de\/wp-content\/uploads\/2022\/03\/RADI2482-24x16.jpg 24w, https:\/\/www.kaischuberseel.de\/wp-content\/uploads\/2022\/03\/RADI2482-36x24.jpg 36w, https:\/\/www.kaischuberseel.de\/wp-content\/uploads\/2022\/03\/RADI2482-48x32.jpg 48w, https:\/\/www.kaischuberseel.de\/wp-content\/uploads\/2022\/03\/RADI2482-272x182.jpg 272w, https:\/\/www.kaischuberseel.de\/wp-content\/uploads\/2022\/03\/RADI2482.jpg 2040w\" sizes=\"auto, (max-width: 480px) 100vw, 480px\" \/><\/a><\/div><div class=\"project-item item isotope-item barrierecheckerinnen festivals \"><a class=\"project-pop-wrap\" href=\"https:\/\/www.kaischuberseel.de\/?projects=alles-inklusive\"><div class=\"project-pop\"><\/div><div class=\"project-title-wrap\"><div class=\"project-title\"><span>Alles inklusive?! &#8211; Die Barrierechecker*innen<\/span><\/div><\/div><\/a><a href=\"https:\/\/www.kaischuberseel.de\/?projects=alles-inklusive\"><img loading=\"lazy\" decoding=\"async\" width=\"480\" height=\"320\" src=\"https:\/\/www.kaischuberseel.de\/wp-content\/uploads\/2022\/03\/RADI2499-480x320.jpg\" class=\"attachment-sydney-mas-thumb size-sydney-mas-thumb wp-post-image\" alt=\"\" srcset=\"https:\/\/www.kaischuberseel.de\/wp-content\/uploads\/2022\/03\/RADI2499-480x320.jpg 480w, https:\/\/www.kaischuberseel.de\/wp-content\/uploads\/2022\/03\/RADI2499-300x200.jpg 300w, https:\/\/www.kaischuberseel.de\/wp-content\/uploads\/2022\/03\/RADI2499-1030x687.jpg 1030w, https:\/\/www.kaischuberseel.de\/wp-content\/uploads\/2022\/03\/RADI2499-768x512.jpg 768w, https:\/\/www.kaischuberseel.de\/wp-content\/uploads\/2022\/03\/RADI2499-1536x1024.jpg 1536w, https:\/\/www.kaischuberseel.de\/wp-content\/uploads\/2022\/03\/RADI2499-920x613.jpg 920w, https:\/\/www.kaischuberseel.de\/wp-content\/uploads\/2022\/03\/RADI2499-230x153.jpg 230w, https:\/\/www.kaischuberseel.de\/wp-content\/uploads\/2022\/03\/RADI2499-350x233.jpg 350w, https:\/\/www.kaischuberseel.de\/wp-content\/uploads\/2022\/03\/RADI2499-24x16.jpg 24w, https:\/\/www.kaischuberseel.de\/wp-content\/uploads\/2022\/03\/RADI2499-36x24.jpg 36w, https:\/\/www.kaischuberseel.de\/wp-content\/uploads\/2022\/03\/RADI2499-48x32.jpg 48w, https:\/\/www.kaischuberseel.de\/wp-content\/uploads\/2022\/03\/RADI2499-272x182.jpg 272w, https:\/\/www.kaischuberseel.de\/wp-content\/uploads\/2022\/03\/RADI2499.jpg 2040w\" sizes=\"auto, (max-width: 480px) 100vw, 480px\" \/><\/a><\/div><div class=\"project-item item isotope-item darmstadt_speakers \"><a class=\"project-pop-wrap\" href=\"https:\/\/www.kaischuberseel.de\/?projects=darmstadt_speakers-die-show\"><div class=\"project-pop\"><\/div><div class=\"project-title-wrap\"><div class=\"project-title\"><span>DARMSTADT_SPEAKERS &#8211; Die Show<\/span><\/div><\/div><\/a><a href=\"https:\/\/www.kaischuberseel.de\/?projects=darmstadt_speakers-die-show\"><img loading=\"lazy\" decoding=\"async\" width=\"480\" height=\"518\" src=\"https:\/\/www.kaischuberseel.de\/wp-content\/uploads\/2021\/05\/Hofgut-e1622058469623-480x518.jpg\" class=\"attachment-sydney-mas-thumb size-sydney-mas-thumb wp-post-image\" alt=\"\" srcset=\"https:\/\/www.kaischuberseel.de\/wp-content\/uploads\/2021\/05\/Hofgut-e1622058469623-480x518.jpg 480w, https:\/\/www.kaischuberseel.de\/wp-content\/uploads\/2021\/05\/Hofgut-e1622058469623-278x300.jpg 278w, https:\/\/www.kaischuberseel.de\/wp-content\/uploads\/2021\/05\/Hofgut-e1622058469623-954x1030.jpg 954w, https:\/\/www.kaischuberseel.de\/wp-content\/uploads\/2021\/05\/Hofgut-e1622058469623-768x829.jpg 768w, https:\/\/www.kaischuberseel.de\/wp-content\/uploads\/2021\/05\/Hofgut-e1622058469623-830x896.jpg 830w, https:\/\/www.kaischuberseel.de\/wp-content\/uploads\/2021\/05\/Hofgut-e1622058469623-230x248.jpg 230w, https:\/\/www.kaischuberseel.de\/wp-content\/uploads\/2021\/05\/Hofgut-e1622058469623-350x378.jpg 350w, https:\/\/www.kaischuberseel.de\/wp-content\/uploads\/2021\/05\/Hofgut-e1622058469623.jpg 1230w\" sizes=\"auto, (max-width: 480px) 100vw, 480px\" \/><\/a><\/div><div class=\"project-item item isotope-item weitere-kunst \"><a class=\"project-pop-wrap\" href=\"https:\/\/www.kaischuberseel.de\/?projects=hardys-theater-cup-by-hardy-loppmann\"><div class=\"project-pop\"><\/div><div class=\"project-title-wrap\"><div class=\"project-title\"><span>Weitere Kunst<\/span><\/div><\/div><\/a><a href=\"https:\/\/www.kaischuberseel.de\/?projects=hardys-theater-cup-by-hardy-loppmann\"><img loading=\"lazy\" decoding=\"async\" width=\"480\" height=\"640\" src=\"https:\/\/www.kaischuberseel.de\/wp-content\/uploads\/2021\/03\/KXZP5922-480x640.jpg\" class=\"attachment-sydney-mas-thumb size-sydney-mas-thumb wp-post-image\" alt=\"\" srcset=\"https:\/\/www.kaischuberseel.de\/wp-content\/uploads\/2021\/03\/KXZP5922-480x640.jpg 480w, https:\/\/www.kaischuberseel.de\/wp-content\/uploads\/2021\/03\/KXZP5922-225x300.jpg 225w, https:\/\/www.kaischuberseel.de\/wp-content\/uploads\/2021\/03\/KXZP5922-230x307.jpg 230w, https:\/\/www.kaischuberseel.de\/wp-content\/uploads\/2021\/03\/KXZP5922-350x467.jpg 350w, https:\/\/www.kaischuberseel.de\/wp-content\/uploads\/2021\/03\/KXZP5922.jpg 768w\" sizes=\"auto, (max-width: 480px) 100vw, 480px\" \/><\/a><\/div><div class=\"project-item item isotope-item freie-szene schulen \"><a class=\"project-pop-wrap\" href=\"https:\/\/www.kaischuberseel.de\/?projects=projekt-gender-2018-freie-szene-darmstadt-theater-moller-haus-in-kooperation-mit-der-mornewegschule-in-darmstadt\"><div class=\"project-pop\"><\/div><div class=\"project-title-wrap\"><div class=\"project-title\"><span>Projekt Gender 2018 \u2013 Freie Szene Darmstadt, Theater Moller Haus in Kooperation mit der Mornewegschule in Darmstadt<\/span><\/div><\/div><\/a><a href=\"https:\/\/www.kaischuberseel.de\/?projects=projekt-gender-2018-freie-szene-darmstadt-theater-moller-haus-in-kooperation-mit-der-mornewegschule-in-darmstadt\"><img loading=\"lazy\" decoding=\"async\" width=\"480\" height=\"319\" src=\"https:\/\/www.kaischuberseel.de\/wp-content\/uploads\/2021\/03\/Migrantenlabyrinth-1-480x319.jpg\" class=\"attachment-sydney-mas-thumb size-sydney-mas-thumb wp-post-image\" alt=\"\" srcset=\"https:\/\/www.kaischuberseel.de\/wp-content\/uploads\/2021\/03\/Migrantenlabyrinth-1-480x319.jpg 480w, https:\/\/www.kaischuberseel.de\/wp-content\/uploads\/2021\/03\/Migrantenlabyrinth-1-300x199.jpg 300w, https:\/\/www.kaischuberseel.de\/wp-content\/uploads\/2021\/03\/Migrantenlabyrinth-1-1030x684.jpg 1030w, https:\/\/www.kaischuberseel.de\/wp-content\/uploads\/2021\/03\/Migrantenlabyrinth-1-768x510.jpg 768w, https:\/\/www.kaischuberseel.de\/wp-content\/uploads\/2021\/03\/Migrantenlabyrinth-1-1536x1020.jpg 1536w, https:\/\/www.kaischuberseel.de\/wp-content\/uploads\/2021\/03\/Migrantenlabyrinth-1-2048x1360.jpg 2048w, https:\/\/www.kaischuberseel.de\/wp-content\/uploads\/2021\/03\/Migrantenlabyrinth-1-830x551.jpg 830w, https:\/\/www.kaischuberseel.de\/wp-content\/uploads\/2021\/03\/Migrantenlabyrinth-1-230x153.jpg 230w, https:\/\/www.kaischuberseel.de\/wp-content\/uploads\/2021\/03\/Migrantenlabyrinth-1-350x232.jpg 350w, https:\/\/www.kaischuberseel.de\/wp-content\/uploads\/2021\/03\/Migrantenlabyrinth-1-272x182.jpg 272w\" sizes=\"auto, (max-width: 480px) 100vw, 480px\" \/><\/a><\/div><div class=\"project-item item isotope-item coaching-moderation \"><a class=\"project-pop-wrap\" href=\"https:\/\/www.kaischuberseel.de\/?projects=coaching-teamentwicklungstage-mit-mitarbeiterinnen-der-diakonie-diakonisches-werk-darmstadt-dieburg\"><div class=\"project-pop\"><\/div><div class=\"project-title-wrap\"><div class=\"project-title\"><span>Coaching: Teamentwicklungstage mit Mitarbeiter*innen der Diakonie, Diakonisches Werk Darmstadt-Dieburg<\/span><\/div><\/div><\/a><a href=\"https:\/\/www.kaischuberseel.de\/?projects=coaching-teamentwicklungstage-mit-mitarbeiterinnen-der-diakonie-diakonisches-werk-darmstadt-dieburg\"><img loading=\"lazy\" decoding=\"async\" width=\"480\" height=\"252\" src=\"https:\/\/www.kaischuberseel.de\/wp-content\/uploads\/2021\/06\/rDW-Da-Die_druck_CMYK-480x252.jpg\" class=\"attachment-sydney-mas-thumb size-sydney-mas-thumb wp-post-image\" alt=\"\" srcset=\"https:\/\/www.kaischuberseel.de\/wp-content\/uploads\/2021\/06\/rDW-Da-Die_druck_CMYK-480x252.jpg 480w, https:\/\/www.kaischuberseel.de\/wp-content\/uploads\/2021\/06\/rDW-Da-Die_druck_CMYK-300x157.jpg 300w, https:\/\/www.kaischuberseel.de\/wp-content\/uploads\/2021\/06\/rDW-Da-Die_druck_CMYK-230x121.jpg 230w, https:\/\/www.kaischuberseel.de\/wp-content\/uploads\/2021\/06\/rDW-Da-Die_druck_CMYK-350x184.jpg 350w, https:\/\/www.kaischuberseel.de\/wp-content\/uploads\/2021\/06\/rDW-Da-Die_druck_CMYK.jpg 608w\" sizes=\"auto, (max-width: 480px) 100vw, 480px\" \/><\/a><\/div><div class=\"project-item item isotope-item coaching-moderation \"><a class=\"project-pop-wrap\" href=\"https:\/\/www.kaischuberseel.de\/?projects=moderation-zukunftswerkstatt-pfungstadt-stadtteile\"><div class=\"project-pop\"><\/div><div class=\"project-title-wrap\"><div class=\"project-title\"><span>Moderation \u201eZukunftswerkstatt\u201c Pfungstadt-Stadtteile<\/span><\/div><\/div><\/a><a href=\"https:\/\/www.kaischuberseel.de\/?projects=moderation-zukunftswerkstatt-pfungstadt-stadtteile\"><img loading=\"lazy\" decoding=\"async\" width=\"480\" height=\"245\" src=\"https:\/\/www.kaischuberseel.de\/wp-content\/uploads\/2021\/03\/Moderation-480x245.png\" class=\"attachment-sydney-mas-thumb size-sydney-mas-thumb wp-post-image\" alt=\"\" srcset=\"https:\/\/www.kaischuberseel.de\/wp-content\/uploads\/2021\/03\/Moderation-480x245.png 480w, https:\/\/www.kaischuberseel.de\/wp-content\/uploads\/2021\/03\/Moderation-300x153.png 300w, https:\/\/www.kaischuberseel.de\/wp-content\/uploads\/2021\/03\/Moderation-768x393.png 768w, https:\/\/www.kaischuberseel.de\/wp-content\/uploads\/2021\/03\/Moderation-230x118.png 230w, https:\/\/www.kaischuberseel.de\/wp-content\/uploads\/2021\/03\/Moderation-350x179.png 350w, https:\/\/www.kaischuberseel.de\/wp-content\/uploads\/2021\/03\/Moderation.png 800w\" sizes=\"auto, (max-width: 480px) 100vw, 480px\" \/><\/a><\/div><div class=\"project-item item isotope-item ausserschulische-bildung \"><a class=\"project-pop-wrap\" href=\"https:\/\/www.kaischuberseel.de\/?projects=projekt-kinderstadt-von-das-rotzfreche-spielmobil-der-sjd-die-falken-darmstadt-e-v\"><div class=\"project-pop\"><\/div><div class=\"project-title-wrap\"><div class=\"project-title\"><span>Projekt KINDERSTADT von Das rotzfreche SPIELMOBIL der SJD \u2013 Die Falken Darmstadt e.V.<\/span><\/div><\/div><\/a><a href=\"https:\/\/www.kaischuberseel.de\/?projects=projekt-kinderstadt-von-das-rotzfreche-spielmobil-der-sjd-die-falken-darmstadt-e-v\"><img loading=\"lazy\" decoding=\"async\" width=\"480\" height=\"480\" src=\"https:\/\/www.kaischuberseel.de\/wp-content\/uploads\/2021\/03\/Kinderstadt-480x480.jpg\" class=\"attachment-sydney-mas-thumb size-sydney-mas-thumb wp-post-image\" alt=\"\" srcset=\"https:\/\/www.kaischuberseel.de\/wp-content\/uploads\/2021\/03\/Kinderstadt-480x480.jpg 480w, https:\/\/www.kaischuberseel.de\/wp-content\/uploads\/2021\/03\/Kinderstadt-300x300.jpg 300w, https:\/\/www.kaischuberseel.de\/wp-content\/uploads\/2021\/03\/Kinderstadt-1030x1030.jpg 1030w, https:\/\/www.kaischuberseel.de\/wp-content\/uploads\/2021\/03\/Kinderstadt-80x80.jpg 80w, https:\/\/www.kaischuberseel.de\/wp-content\/uploads\/2021\/03\/Kinderstadt-768x768.jpg 768w, https:\/\/www.kaischuberseel.de\/wp-content\/uploads\/2021\/03\/Kinderstadt-1536x1536.jpg 1536w, https:\/\/www.kaischuberseel.de\/wp-content\/uploads\/2021\/03\/Kinderstadt.jpg 2048w, https:\/\/www.kaischuberseel.de\/wp-content\/uploads\/2021\/03\/Kinderstadt-830x830.jpg 830w, https:\/\/www.kaischuberseel.de\/wp-content\/uploads\/2021\/03\/Kinderstadt-230x230.jpg 230w, https:\/\/www.kaischuberseel.de\/wp-content\/uploads\/2021\/03\/Kinderstadt-350x350.jpg 350w\" sizes=\"auto, (max-width: 480px) 100vw, 480px\" \/><\/a><\/div><div class=\"project-item item isotope-item freie-szene \"><a class=\"project-pop-wrap\" href=\"https:\/\/www.kaischuberseel.de\/?projects=achterbahn-borderline-trifft-theater-und-trialog-darmstadt\"><div class=\"project-pop\"><\/div><div class=\"project-title-wrap\"><div class=\"project-title\"><span>Achterbahn \u2013 Im Rahmen von Trialog Darmstadt<\/span><\/div><\/div><\/a><a href=\"https:\/\/www.kaischuberseel.de\/?projects=achterbahn-borderline-trifft-theater-und-trialog-darmstadt\"><img loading=\"lazy\" decoding=\"async\" width=\"480\" height=\"320\" src=\"https:\/\/www.kaischuberseel.de\/wp-content\/uploads\/2020\/11\/Achterbahn-Trialog-480x320.jpg\" class=\"attachment-sydney-mas-thumb size-sydney-mas-thumb wp-post-image\" alt=\"\" srcset=\"https:\/\/www.kaischuberseel.de\/wp-content\/uploads\/2020\/11\/Achterbahn-Trialog-480x320.jpg 480w, https:\/\/www.kaischuberseel.de\/wp-content\/uploads\/2020\/11\/Achterbahn-Trialog-300x200.jpg 300w, https:\/\/www.kaischuberseel.de\/wp-content\/uploads\/2020\/11\/Achterbahn-Trialog-1030x687.jpg 1030w, https:\/\/www.kaischuberseel.de\/wp-content\/uploads\/2020\/11\/Achterbahn-Trialog-768x513.jpg 768w, https:\/\/www.kaischuberseel.de\/wp-content\/uploads\/2020\/11\/Achterbahn-Trialog-1536x1025.jpg 1536w, https:\/\/www.kaischuberseel.de\/wp-content\/uploads\/2020\/11\/Achterbahn-Trialog-2048x1367.jpg 2048w, https:\/\/www.kaischuberseel.de\/wp-content\/uploads\/2020\/11\/Achterbahn-Trialog-830x554.jpg 830w, https:\/\/www.kaischuberseel.de\/wp-content\/uploads\/2020\/11\/Achterbahn-Trialog-230x153.jpg 230w, https:\/\/www.kaischuberseel.de\/wp-content\/uploads\/2020\/11\/Achterbahn-Trialog-350x234.jpg 350w, https:\/\/www.kaischuberseel.de\/wp-content\/uploads\/2020\/11\/Achterbahn-Trialog-272x182.jpg 272w\" sizes=\"auto, (max-width: 480px) 100vw, 480px\" \/><\/a><\/div><div class=\"project-item item isotope-item freie-szene \"><a class=\"project-pop-wrap\" href=\"https:\/\/www.kaischuberseel.de\/?projects=kann-das-weg-ein-projekt-der-querspielerinnen\"><div class=\"project-pop\"><\/div><div class=\"project-title-wrap\"><div class=\"project-title\"><span>\u201eKann das weg?\u201c- Ein Projekt der Querspieler*innen<\/span><\/div><\/div><\/a><a href=\"https:\/\/www.kaischuberseel.de\/?projects=kann-das-weg-ein-projekt-der-querspielerinnen\"><img loading=\"lazy\" decoding=\"async\" width=\"480\" height=\"270\" src=\"https:\/\/www.kaischuberseel.de\/wp-content\/uploads\/2020\/11\/Muelltonnen-2020-11-07_13-06-16-480x270.jpg\" class=\"attachment-sydney-mas-thumb size-sydney-mas-thumb wp-post-image\" alt=\"\" srcset=\"https:\/\/www.kaischuberseel.de\/wp-content\/uploads\/2020\/11\/Muelltonnen-2020-11-07_13-06-16-480x270.jpg 480w, https:\/\/www.kaischuberseel.de\/wp-content\/uploads\/2020\/11\/Muelltonnen-2020-11-07_13-06-16-300x169.jpg 300w, https:\/\/www.kaischuberseel.de\/wp-content\/uploads\/2020\/11\/Muelltonnen-2020-11-07_13-06-16-768x432.jpg 768w, https:\/\/www.kaischuberseel.de\/wp-content\/uploads\/2020\/11\/Muelltonnen-2020-11-07_13-06-16-830x467.jpg 830w, https:\/\/www.kaischuberseel.de\/wp-content\/uploads\/2020\/11\/Muelltonnen-2020-11-07_13-06-16-230x129.jpg 230w, https:\/\/www.kaischuberseel.de\/wp-content\/uploads\/2020\/11\/Muelltonnen-2020-11-07_13-06-16-350x197.jpg 350w, https:\/\/www.kaischuberseel.de\/wp-content\/uploads\/2020\/11\/Muelltonnen-2020-11-07_13-06-16.jpg 854w\" sizes=\"auto, (max-width: 480px) 100vw, 480px\" \/><\/a><\/div><div class=\"project-item item isotope-item darmstadt_speakers \"><a class=\"project-pop-wrap\" href=\"https:\/\/www.kaischuberseel.de\/?projects=darmstadt_speakers\"><div class=\"project-pop\"><\/div><div class=\"project-title-wrap\"><div class=\"project-title\"><span>DARMSTADT_SPEAKERS<\/span><\/div><\/div><\/a><a href=\"https:\/\/www.kaischuberseel.de\/?projects=darmstadt_speakers\"><img loading=\"lazy\" decoding=\"async\" width=\"480\" height=\"499\" src=\"https:\/\/www.kaischuberseel.de\/wp-content\/uploads\/2020\/10\/Manfred_Rademacher-197-scaled-e1603630626425-480x499.jpg\" class=\"attachment-sydney-mas-thumb size-sydney-mas-thumb wp-post-image\" alt=\"Impressionen\" srcset=\"https:\/\/www.kaischuberseel.de\/wp-content\/uploads\/2020\/10\/Manfred_Rademacher-197-scaled-e1603630626425-480x499.jpg 480w, https:\/\/www.kaischuberseel.de\/wp-content\/uploads\/2020\/10\/Manfred_Rademacher-197-scaled-e1603630626425-289x300.jpg 289w, https:\/\/www.kaischuberseel.de\/wp-content\/uploads\/2020\/10\/Manfred_Rademacher-197-scaled-e1603630626425-991x1030.jpg 991w, https:\/\/www.kaischuberseel.de\/wp-content\/uploads\/2020\/10\/Manfred_Rademacher-197-scaled-e1603630626425-768x798.jpg 768w, https:\/\/www.kaischuberseel.de\/wp-content\/uploads\/2020\/10\/Manfred_Rademacher-197-scaled-e1603630626425-830x863.jpg 830w, https:\/\/www.kaischuberseel.de\/wp-content\/uploads\/2020\/10\/Manfred_Rademacher-197-scaled-e1603630626425-230x239.jpg 230w, https:\/\/www.kaischuberseel.de\/wp-content\/uploads\/2020\/10\/Manfred_Rademacher-197-scaled-e1603630626425-350x364.jpg 350w, https:\/\/www.kaischuberseel.de\/wp-content\/uploads\/2020\/10\/Manfred_Rademacher-197-scaled-e1603630626425.jpg 1440w\" sizes=\"auto, (max-width: 480px) 100vw, 480px\" \/><\/a><\/div><div class=\"project-item item isotope-item freie-szene \"><a class=\"project-pop-wrap\" href=\"https:\/\/www.kaischuberseel.de\/?projects=tusch-theater-und-schule-stadtteilschule-arheilgen-in-kooperation-mit-theatermacher-e-v\"><div class=\"project-pop\"><\/div><div class=\"project-title-wrap\"><div class=\"project-title\"><span>TUSCH (Theater und Schule), Stadtteilschule Arheilgen in Kooperation mit theatermacher e.V.<\/span><\/div><\/div><\/a><a href=\"https:\/\/www.kaischuberseel.de\/?projects=tusch-theater-und-schule-stadtteilschule-arheilgen-in-kooperation-mit-theatermacher-e-v\"><img loading=\"lazy\" decoding=\"async\" width=\"480\" height=\"320\" src=\"https:\/\/www.kaischuberseel.de\/wp-content\/uploads\/2020\/06\/TUSCH-Arheilgen-Beitragsbild-skaliert-480x320.jpg\" class=\"attachment-sydney-mas-thumb size-sydney-mas-thumb wp-post-image\" alt=\"\" srcset=\"https:\/\/www.kaischuberseel.de\/wp-content\/uploads\/2020\/06\/TUSCH-Arheilgen-Beitragsbild-skaliert-480x320.jpg 480w, https:\/\/www.kaischuberseel.de\/wp-content\/uploads\/2020\/06\/TUSCH-Arheilgen-Beitragsbild-skaliert-300x200.jpg 300w, https:\/\/www.kaischuberseel.de\/wp-content\/uploads\/2020\/06\/TUSCH-Arheilgen-Beitragsbild-skaliert-230x153.jpg 230w, https:\/\/www.kaischuberseel.de\/wp-content\/uploads\/2020\/06\/TUSCH-Arheilgen-Beitragsbild-skaliert-350x234.jpg 350w, https:\/\/www.kaischuberseel.de\/wp-content\/uploads\/2020\/06\/TUSCH-Arheilgen-Beitragsbild-skaliert-272x182.jpg 272w, https:\/\/www.kaischuberseel.de\/wp-content\/uploads\/2020\/06\/TUSCH-Arheilgen-Beitragsbild-skaliert.jpg 640w\" sizes=\"auto, (max-width: 480px) 100vw, 480px\" \/><\/a><\/div><div class=\"project-item item isotope-item freie-szene schulen \"><a class=\"project-pop-wrap\" href=\"https:\/\/www.kaischuberseel.de\/?projects=tusch-theater-und-schule-heinrich-emanuel-merck-schule-in-kooperation-mit-theatermacher-e-v\"><div class=\"project-pop\"><\/div><div class=\"project-title-wrap\"><div class=\"project-title\"><span>TUSCH (Theater und Schule), Heinrich-Emanuel-Merck Schule in Kooperation mit theatermacher e. V.<\/span><\/div><\/div><\/a><a href=\"https:\/\/www.kaischuberseel.de\/?projects=tusch-theater-und-schule-heinrich-emanuel-merck-schule-in-kooperation-mit-theatermacher-e-v\"><img loading=\"lazy\" decoding=\"async\" width=\"480\" height=\"320\" src=\"https:\/\/www.kaischuberseel.de\/wp-content\/uploads\/2018\/05\/2015-03-20-Bild2-Theatertage-auf-dem-Tellerrand_Die-Zieglerschen_web-480x320.jpg\" class=\"attachment-sydney-mas-thumb size-sydney-mas-thumb wp-post-image\" alt=\"\" srcset=\"https:\/\/www.kaischuberseel.de\/wp-content\/uploads\/2018\/05\/2015-03-20-Bild2-Theatertage-auf-dem-Tellerrand_Die-Zieglerschen_web-480x320.jpg 480w, https:\/\/www.kaischuberseel.de\/wp-content\/uploads\/2018\/05\/2015-03-20-Bild2-Theatertage-auf-dem-Tellerrand_Die-Zieglerschen_web-300x200.jpg 300w, https:\/\/www.kaischuberseel.de\/wp-content\/uploads\/2018\/05\/2015-03-20-Bild2-Theatertage-auf-dem-Tellerrand_Die-Zieglerschen_web-230x153.jpg 230w, https:\/\/www.kaischuberseel.de\/wp-content\/uploads\/2018\/05\/2015-03-20-Bild2-Theatertage-auf-dem-Tellerrand_Die-Zieglerschen_web-350x234.jpg 350w, https:\/\/www.kaischuberseel.de\/wp-content\/uploads\/2018\/05\/2015-03-20-Bild2-Theatertage-auf-dem-Tellerrand_Die-Zieglerschen_web-272x182.jpg 272w, https:\/\/www.kaischuberseel.de\/wp-content\/uploads\/2018\/05\/2015-03-20-Bild2-Theatertage-auf-dem-Tellerrand_Die-Zieglerschen_web.jpg 640w\" sizes=\"auto, (max-width: 480px) 100vw, 480px\" \/><\/a><\/div><div class=\"project-item item isotope-item ausserschulische-bildung \"><a class=\"project-pop-wrap\" href=\"https:\/\/www.kaischuberseel.de\/?projects=wohn-und-uebernachtungsheim-z-14-diakonie_diakonisches-werk-darmstadt-dieburg\"><div class=\"project-pop\"><\/div><div class=\"project-title-wrap\"><div class=\"project-title\"><span>Wohn- und \u00dcbernachtungsheim Z 14  &#8211; Diakonie_Diakonisches Werk Darmstadt-Dieburg<\/span><\/div><\/div><\/a><a href=\"https:\/\/www.kaischuberseel.de\/?projects=wohn-und-uebernachtungsheim-z-14-diakonie_diakonisches-werk-darmstadt-dieburg\"><img loading=\"lazy\" decoding=\"async\" width=\"480\" height=\"360\" src=\"https:\/\/www.kaischuberseel.de\/wp-content\/uploads\/2019\/10\/Bilder_M\u00e4nnerwohnheim-4-480x360.jpg\" class=\"attachment-sydney-mas-thumb size-sydney-mas-thumb wp-post-image\" alt=\"\" srcset=\"https:\/\/www.kaischuberseel.de\/wp-content\/uploads\/2019\/10\/Bilder_M\u00e4nnerwohnheim-4-480x360.jpg 480w, https:\/\/www.kaischuberseel.de\/wp-content\/uploads\/2019\/10\/Bilder_M\u00e4nnerwohnheim-4-300x225.jpg 300w, https:\/\/www.kaischuberseel.de\/wp-content\/uploads\/2019\/10\/Bilder_M\u00e4nnerwohnheim-4-768x576.jpg 768w, https:\/\/www.kaischuberseel.de\/wp-content\/uploads\/2019\/10\/Bilder_M\u00e4nnerwohnheim-4-1030x773.jpg 1030w, https:\/\/www.kaischuberseel.de\/wp-content\/uploads\/2019\/10\/Bilder_M\u00e4nnerwohnheim-4-830x623.jpg 830w, https:\/\/www.kaischuberseel.de\/wp-content\/uploads\/2019\/10\/Bilder_M\u00e4nnerwohnheim-4-230x173.jpg 230w, https:\/\/www.kaischuberseel.de\/wp-content\/uploads\/2019\/10\/Bilder_M\u00e4nnerwohnheim-4-350x263.jpg 350w\" sizes=\"auto, (max-width: 480px) 100vw, 480px\" \/><\/a><\/div><div class=\"project-item item isotope-item dozent \"><a class=\"project-pop-wrap\" href=\"https:\/\/www.kaischuberseel.de\/?projects=dozent-an-der-evangelischen-hochschule-darmstadt\"><div class=\"project-pop\"><\/div><div class=\"project-title-wrap\"><div class=\"project-title\"><span>Dozent an der Evangelischen Hochschule Darmstadt<\/span><\/div><\/div><\/a><a href=\"https:\/\/www.kaischuberseel.de\/?projects=dozent-an-der-evangelischen-hochschule-darmstadt\"><img loading=\"lazy\" decoding=\"async\" width=\"480\" height=\"360\" src=\"https:\/\/www.kaischuberseel.de\/wp-content\/uploads\/2019\/05\/Bild_ehd2-480x360.jpg\" class=\"attachment-sydney-mas-thumb size-sydney-mas-thumb wp-post-image\" alt=\"\" srcset=\"https:\/\/www.kaischuberseel.de\/wp-content\/uploads\/2019\/05\/Bild_ehd2-480x360.jpg 480w, https:\/\/www.kaischuberseel.de\/wp-content\/uploads\/2019\/05\/Bild_ehd2-300x225.jpg 300w, https:\/\/www.kaischuberseel.de\/wp-content\/uploads\/2019\/05\/Bild_ehd2-768x576.jpg 768w, https:\/\/www.kaischuberseel.de\/wp-content\/uploads\/2019\/05\/Bild_ehd2-830x623.jpg 830w, https:\/\/www.kaischuberseel.de\/wp-content\/uploads\/2019\/05\/Bild_ehd2-230x173.jpg 230w, https:\/\/www.kaischuberseel.de\/wp-content\/uploads\/2019\/05\/Bild_ehd2-350x263.jpg 350w, https:\/\/www.kaischuberseel.de\/wp-content\/uploads\/2019\/05\/Bild_ehd2.jpg 1024w\" sizes=\"auto, (max-width: 480px) 100vw, 480px\" \/><\/a><\/div><div class=\"project-item item isotope-item freie-szene \"><a class=\"project-pop-wrap\" href=\"https:\/\/www.kaischuberseel.de\/?projects=projekte-unter-dem-dach-der-theatermacher-e-v\"><div class=\"project-pop\"><\/div><div class=\"project-title-wrap\"><div class=\"project-title\"><span>Projekte unter dem Dach der theatermacher e.V.<\/span><\/div><\/div><\/a><a href=\"https:\/\/www.kaischuberseel.de\/?projects=projekte-unter-dem-dach-der-theatermacher-e-v\"><img loading=\"lazy\" decoding=\"async\" width=\"480\" height=\"320\" src=\"https:\/\/www.kaischuberseel.de\/wp-content\/uploads\/2019\/05\/B\u00fchnenbilder-1-480x320.jpg\" class=\"attachment-sydney-mas-thumb size-sydney-mas-thumb wp-post-image\" alt=\"\" srcset=\"https:\/\/www.kaischuberseel.de\/wp-content\/uploads\/2019\/05\/B\u00fchnenbilder-1-480x320.jpg 480w, https:\/\/www.kaischuberseel.de\/wp-content\/uploads\/2019\/05\/B\u00fchnenbilder-1-300x200.jpg 300w, https:\/\/www.kaischuberseel.de\/wp-content\/uploads\/2019\/05\/B\u00fchnenbilder-1-768x512.jpg 768w, https:\/\/www.kaischuberseel.de\/wp-content\/uploads\/2019\/05\/B\u00fchnenbilder-1-1030x687.jpg 1030w, https:\/\/www.kaischuberseel.de\/wp-content\/uploads\/2019\/05\/B\u00fchnenbilder-1-830x553.jpg 830w, https:\/\/www.kaischuberseel.de\/wp-content\/uploads\/2019\/05\/B\u00fchnenbilder-1-230x153.jpg 230w, https:\/\/www.kaischuberseel.de\/wp-content\/uploads\/2019\/05\/B\u00fchnenbilder-1-350x233.jpg 350w, https:\/\/www.kaischuberseel.de\/wp-content\/uploads\/2019\/05\/B\u00fchnenbilder-1-272x182.jpg 272w\" sizes=\"auto, (max-width: 480px) 100vw, 480px\" \/><\/a><\/div><div class=\"project-item item isotope-item freie-szene \"><a class=\"project-pop-wrap\" href=\"https:\/\/www.kaischuberseel.de\/?projects=projekte-unter-dem-dach-des-theaterlabors-darmstadt\"><div class=\"project-pop\"><\/div><div class=\"project-title-wrap\"><div class=\"project-title\"><span>Projekte unter dem Dach des Theaterlabors Darmstadt<\/span><\/div><\/div><\/a><a href=\"https:\/\/www.kaischuberseel.de\/?projects=projekte-unter-dem-dach-des-theaterlabors-darmstadt\"><img loading=\"lazy\" decoding=\"async\" width=\"480\" height=\"360\" src=\"https:\/\/www.kaischuberseel.de\/wp-content\/uploads\/2019\/05\/Auff\u00fchrung-Cafe-Salve-2-480x360.jpg\" class=\"attachment-sydney-mas-thumb size-sydney-mas-thumb wp-post-image\" alt=\"\" srcset=\"https:\/\/www.kaischuberseel.de\/wp-content\/uploads\/2019\/05\/Auff\u00fchrung-Cafe-Salve-2-480x360.jpg 480w, https:\/\/www.kaischuberseel.de\/wp-content\/uploads\/2019\/05\/Auff\u00fchrung-Cafe-Salve-2-300x225.jpg 300w, https:\/\/www.kaischuberseel.de\/wp-content\/uploads\/2019\/05\/Auff\u00fchrung-Cafe-Salve-2-768x576.jpg 768w, https:\/\/www.kaischuberseel.de\/wp-content\/uploads\/2019\/05\/Auff\u00fchrung-Cafe-Salve-2-1030x773.jpg 1030w, https:\/\/www.kaischuberseel.de\/wp-content\/uploads\/2019\/05\/Auff\u00fchrung-Cafe-Salve-2-830x623.jpg 830w, https:\/\/www.kaischuberseel.de\/wp-content\/uploads\/2019\/05\/Auff\u00fchrung-Cafe-Salve-2-230x173.jpg 230w, https:\/\/www.kaischuberseel.de\/wp-content\/uploads\/2019\/05\/Auff\u00fchrung-Cafe-Salve-2-350x263.jpg 350w\" sizes=\"auto, (max-width: 480px) 100vw, 480px\" \/><\/a><\/div><div class=\"project-item item isotope-item freie-szene schulen \"><a class=\"project-pop-wrap\" href=\"https:\/\/www.kaischuberseel.de\/?projects=projekte-unter-dem-dach-des-theater-lakritz\"><div class=\"project-pop\"><\/div><div class=\"project-title-wrap\"><div class=\"project-title\"><span>Projekte unter dem Dach des Theater Lakritz<\/span><\/div><\/div><\/a><a href=\"https:\/\/www.kaischuberseel.de\/?projects=projekte-unter-dem-dach-des-theater-lakritz\"><img loading=\"lazy\" decoding=\"async\" width=\"480\" height=\"320\" src=\"https:\/\/www.kaischuberseel.de\/wp-content\/uploads\/2019\/05\/Sch\u00e4tzeprojekt-210-480x320.jpg\" class=\"attachment-sydney-mas-thumb size-sydney-mas-thumb wp-post-image\" alt=\"\" srcset=\"https:\/\/www.kaischuberseel.de\/wp-content\/uploads\/2019\/05\/Sch\u00e4tzeprojekt-210-480x320.jpg 480w, https:\/\/www.kaischuberseel.de\/wp-content\/uploads\/2019\/05\/Sch\u00e4tzeprojekt-210-300x200.jpg 300w, https:\/\/www.kaischuberseel.de\/wp-content\/uploads\/2019\/05\/Sch\u00e4tzeprojekt-210-768x512.jpg 768w, https:\/\/www.kaischuberseel.de\/wp-content\/uploads\/2019\/05\/Sch\u00e4tzeprojekt-210-1030x687.jpg 1030w, https:\/\/www.kaischuberseel.de\/wp-content\/uploads\/2019\/05\/Sch\u00e4tzeprojekt-210-830x554.jpg 830w, https:\/\/www.kaischuberseel.de\/wp-content\/uploads\/2019\/05\/Sch\u00e4tzeprojekt-210-230x153.jpg 230w, https:\/\/www.kaischuberseel.de\/wp-content\/uploads\/2019\/05\/Sch\u00e4tzeprojekt-210-350x233.jpg 350w, https:\/\/www.kaischuberseel.de\/wp-content\/uploads\/2019\/05\/Sch\u00e4tzeprojekt-210-272x182.jpg 272w, https:\/\/www.kaischuberseel.de\/wp-content\/uploads\/2019\/05\/Sch\u00e4tzeprojekt-210.jpg 2048w\" sizes=\"auto, (max-width: 480px) 100vw, 480px\" \/><\/a><\/div><div class=\"project-item item isotope-item ausserschulische-bildung \"><a class=\"project-pop-wrap\" href=\"https:\/\/www.kaischuberseel.de\/?projects=projekt-im-prinz-emil-schloesschen\"><div class=\"project-pop\"><\/div><div class=\"project-title-wrap\"><div class=\"project-title\"><span>Projekt im Prinz-Emil-Schl\u00f6sschen<\/span><\/div><\/div><\/a><a href=\"https:\/\/www.kaischuberseel.de\/?projects=projekt-im-prinz-emil-schloesschen\"><img loading=\"lazy\" decoding=\"async\" width=\"480\" height=\"360\" src=\"https:\/\/www.kaischuberseel.de\/wp-content\/uploads\/2019\/05\/Schl\u00f6sschen-12-480x360.jpg\" class=\"attachment-sydney-mas-thumb size-sydney-mas-thumb wp-post-image\" alt=\"\" srcset=\"https:\/\/www.kaischuberseel.de\/wp-content\/uploads\/2019\/05\/Schl\u00f6sschen-12-480x360.jpg 480w, https:\/\/www.kaischuberseel.de\/wp-content\/uploads\/2019\/05\/Schl\u00f6sschen-12-300x225.jpg 300w, https:\/\/www.kaischuberseel.de\/wp-content\/uploads\/2019\/05\/Schl\u00f6sschen-12-768x576.jpg 768w, https:\/\/www.kaischuberseel.de\/wp-content\/uploads\/2019\/05\/Schl\u00f6sschen-12-1030x773.jpg 1030w, https:\/\/www.kaischuberseel.de\/wp-content\/uploads\/2019\/05\/Schl\u00f6sschen-12-830x623.jpg 830w, https:\/\/www.kaischuberseel.de\/wp-content\/uploads\/2019\/05\/Schl\u00f6sschen-12-230x173.jpg 230w, https:\/\/www.kaischuberseel.de\/wp-content\/uploads\/2019\/05\/Schl\u00f6sschen-12-350x263.jpg 350w\" sizes=\"auto, (max-width: 480px) 100vw, 480px\" \/><\/a><\/div><div class=\"project-item item isotope-item ausserschulische-bildung \"><a class=\"project-pop-wrap\" href=\"https:\/\/www.kaischuberseel.de\/?projects=mentoringprojekt-des-internationalen-bundes\"><div class=\"project-pop\"><\/div><div class=\"project-title-wrap\"><div class=\"project-title\"><span>Theaterprojekte f\u00fcr den Internationalen Bund S\u00fcdwest gGmbH f\u00fcr Bildung und soziale Dienste<\/span><\/div><\/div><\/a><a href=\"https:\/\/www.kaischuberseel.de\/?projects=mentoringprojekt-des-internationalen-bundes\"><img loading=\"lazy\" decoding=\"async\" width=\"480\" height=\"360\" src=\"https:\/\/www.kaischuberseel.de\/wp-content\/uploads\/2019\/05\/Mentoringprojekt-19.11.2013-2-480x360.jpg\" class=\"attachment-sydney-mas-thumb size-sydney-mas-thumb wp-post-image\" alt=\"\" srcset=\"https:\/\/www.kaischuberseel.de\/wp-content\/uploads\/2019\/05\/Mentoringprojekt-19.11.2013-2-480x360.jpg 480w, https:\/\/www.kaischuberseel.de\/wp-content\/uploads\/2019\/05\/Mentoringprojekt-19.11.2013-2-300x225.jpg 300w, https:\/\/www.kaischuberseel.de\/wp-content\/uploads\/2019\/05\/Mentoringprojekt-19.11.2013-2-768x576.jpg 768w, https:\/\/www.kaischuberseel.de\/wp-content\/uploads\/2019\/05\/Mentoringprojekt-19.11.2013-2-1030x773.jpg 1030w, https:\/\/www.kaischuberseel.de\/wp-content\/uploads\/2019\/05\/Mentoringprojekt-19.11.2013-2-830x623.jpg 830w, https:\/\/www.kaischuberseel.de\/wp-content\/uploads\/2019\/05\/Mentoringprojekt-19.11.2013-2-230x173.jpg 230w, https:\/\/www.kaischuberseel.de\/wp-content\/uploads\/2019\/05\/Mentoringprojekt-19.11.2013-2-350x263.jpg 350w\" sizes=\"auto, (max-width: 480px) 100vw, 480px\" \/><\/a><\/div><div class=\"project-item item isotope-item coaching-moderation \"><a class=\"project-pop-wrap\" href=\"https:\/\/www.kaischuberseel.de\/?projects=workshop-teamentwicklungstag-der-kreisagentur-fuer-beschaeftigung-darmstadt-dieburg\"><div class=\"project-pop\"><\/div><div class=\"project-title-wrap\"><div class=\"project-title\"><span>Coaching: Teamentwicklungstage der Kreisagentur f\u00fcr Besch\u00e4ftigung Darmstadt-Dieburg<\/span><\/div><\/div><\/a><a href=\"https:\/\/www.kaischuberseel.de\/?projects=workshop-teamentwicklungstag-der-kreisagentur-fuer-beschaeftigung-darmstadt-dieburg\"><img loading=\"lazy\" decoding=\"async\" width=\"480\" height=\"117\" src=\"https:\/\/www.kaischuberseel.de\/wp-content\/uploads\/2018\/07\/get_image-480x117.png\" class=\"attachment-sydney-mas-thumb size-sydney-mas-thumb wp-post-image\" alt=\"\" srcset=\"https:\/\/www.kaischuberseel.de\/wp-content\/uploads\/2018\/07\/get_image-480x117.png 480w, https:\/\/www.kaischuberseel.de\/wp-content\/uploads\/2018\/07\/get_image-300x73.png 300w, https:\/\/www.kaischuberseel.de\/wp-content\/uploads\/2018\/07\/get_image-768x187.png 768w, https:\/\/www.kaischuberseel.de\/wp-content\/uploads\/2018\/07\/get_image-830x202.png 830w, https:\/\/www.kaischuberseel.de\/wp-content\/uploads\/2018\/07\/get_image-230x56.png 230w, https:\/\/www.kaischuberseel.de\/wp-content\/uploads\/2018\/07\/get_image-350x85.png 350w, https:\/\/www.kaischuberseel.de\/wp-content\/uploads\/2018\/07\/get_image-e1530882820768.png 640w\" sizes=\"auto, (max-width: 480px) 100vw, 480px\" \/><\/a><\/div><div class=\"project-item item isotope-item ausserschulische-bildung \"><a class=\"project-pop-wrap\" href=\"https:\/\/www.kaischuberseel.de\/?projects=joblinge\"><div class=\"project-pop\"><\/div><div class=\"project-title-wrap\"><div class=\"project-title\"><span>Joblinge<\/span><\/div><\/div><\/a><a href=\"https:\/\/www.kaischuberseel.de\/?projects=joblinge\"><img loading=\"lazy\" decoding=\"async\" width=\"480\" height=\"319\" src=\"https:\/\/www.kaischuberseel.de\/wp-content\/uploads\/2018\/07\/Migrantenlabyrinth-23-480x319.jpg\" class=\"attachment-sydney-mas-thumb size-sydney-mas-thumb wp-post-image\" alt=\"\" srcset=\"https:\/\/www.kaischuberseel.de\/wp-content\/uploads\/2018\/07\/Migrantenlabyrinth-23-480x319.jpg 480w, https:\/\/www.kaischuberseel.de\/wp-content\/uploads\/2018\/07\/Migrantenlabyrinth-23-300x199.jpg 300w, https:\/\/www.kaischuberseel.de\/wp-content\/uploads\/2018\/07\/Migrantenlabyrinth-23-768x510.jpg 768w, https:\/\/www.kaischuberseel.de\/wp-content\/uploads\/2018\/07\/Migrantenlabyrinth-23-1030x684.jpg 1030w, https:\/\/www.kaischuberseel.de\/wp-content\/uploads\/2018\/07\/Migrantenlabyrinth-23-830x551.jpg 830w, https:\/\/www.kaischuberseel.de\/wp-content\/uploads\/2018\/07\/Migrantenlabyrinth-23-230x153.jpg 230w, https:\/\/www.kaischuberseel.de\/wp-content\/uploads\/2018\/07\/Migrantenlabyrinth-23-350x232.jpg 350w, https:\/\/www.kaischuberseel.de\/wp-content\/uploads\/2018\/07\/Migrantenlabyrinth-23-272x182.jpg 272w, https:\/\/www.kaischuberseel.de\/wp-content\/uploads\/2018\/07\/Migrantenlabyrinth-23-e1530804053278.jpg 640w\" sizes=\"auto, (max-width: 480px) 100vw, 480px\" \/><\/a><\/div><div class=\"project-item item isotope-item theaterhaeuser \"><a class=\"project-pop-wrap\" href=\"https:\/\/www.kaischuberseel.de\/?projects=workshop-am-staatstheater-wiesbaden\"><div class=\"project-pop\"><\/div><div class=\"project-title-wrap\"><div class=\"project-title\"><span>Workshop am Staatstheater Wiesbaden<\/span><\/div><\/div><\/a><a href=\"https:\/\/www.kaischuberseel.de\/?projects=workshop-am-staatstheater-wiesbaden\"><img loading=\"lazy\" decoding=\"async\" width=\"480\" height=\"320\" src=\"https:\/\/www.kaischuberseel.de\/wp-content\/uploads\/2018\/05\/images-480x320.jpg\" class=\"attachment-sydney-mas-thumb size-sydney-mas-thumb wp-post-image\" alt=\"\" srcset=\"https:\/\/www.kaischuberseel.de\/wp-content\/uploads\/2018\/05\/images-480x320.jpg 480w, https:\/\/www.kaischuberseel.de\/wp-content\/uploads\/2018\/05\/images-300x200.jpg 300w, https:\/\/www.kaischuberseel.de\/wp-content\/uploads\/2018\/05\/images-230x153.jpg 230w, https:\/\/www.kaischuberseel.de\/wp-content\/uploads\/2018\/05\/images-350x233.jpg 350w, https:\/\/www.kaischuberseel.de\/wp-content\/uploads\/2018\/05\/images-272x182.jpg 272w, https:\/\/www.kaischuberseel.de\/wp-content\/uploads\/2018\/05\/images.jpg 640w\" sizes=\"auto, (max-width: 480px) 100vw, 480px\" \/><\/a><\/div><div class=\"project-item item isotope-item theaterhaeuser \"><a class=\"project-pop-wrap\" href=\"https:\/\/www.kaischuberseel.de\/?projects=projekt-des-staatstheaters-darmstadt-in-kooperation-mit-der-kinder-und-jugendfoerderung-reinheim\"><div class=\"project-pop\"><\/div><div class=\"project-title-wrap\"><div class=\"project-title\"><span>Projekt des Staatstheaters Darmstadt in Kooperation mit der Kinder- und Jugendf\u00f6rderung Reinheim<\/span><\/div><\/div><\/a><a href=\"https:\/\/www.kaischuberseel.de\/?projects=projekt-des-staatstheaters-darmstadt-in-kooperation-mit-der-kinder-und-jugendfoerderung-reinheim\"><img loading=\"lazy\" decoding=\"async\" width=\"480\" height=\"320\" src=\"https:\/\/www.kaischuberseel.de\/wp-content\/uploads\/2018\/05\/cropped-HEaderHome_revA-copy_web-480x320.jpg\" class=\"attachment-sydney-mas-thumb size-sydney-mas-thumb wp-post-image\" alt=\"\" srcset=\"https:\/\/www.kaischuberseel.de\/wp-content\/uploads\/2018\/05\/cropped-HEaderHome_revA-copy_web-480x320.jpg 480w, https:\/\/www.kaischuberseel.de\/wp-content\/uploads\/2018\/05\/cropped-HEaderHome_revA-copy_web-300x200.jpg 300w, https:\/\/www.kaischuberseel.de\/wp-content\/uploads\/2018\/05\/cropped-HEaderHome_revA-copy_web-230x153.jpg 230w, https:\/\/www.kaischuberseel.de\/wp-content\/uploads\/2018\/05\/cropped-HEaderHome_revA-copy_web-350x234.jpg 350w, https:\/\/www.kaischuberseel.de\/wp-content\/uploads\/2018\/05\/cropped-HEaderHome_revA-copy_web-272x182.jpg 272w, https:\/\/www.kaischuberseel.de\/wp-content\/uploads\/2018\/05\/cropped-HEaderHome_revA-copy_web.jpg 640w\" sizes=\"auto, (max-width: 480px) 100vw, 480px\" \/><\/a><\/div><div class=\"project-item item isotope-item theaterhaeuser \"><a class=\"project-pop-wrap\" href=\"https:\/\/www.kaischuberseel.de\/?projects=projekt-des-theaterlabors-darmstadt-in-kooperation-mit-dem-staatstheater-darmstadt\"><div class=\"project-pop\"><\/div><div class=\"project-title-wrap\"><div class=\"project-title\"><span>Projekt des Theaterlabors Darmstadt in Kooperation mit dem Staatstheater Darmstadt<\/span><\/div><\/div><\/a><a href=\"https:\/\/www.kaischuberseel.de\/?projects=projekt-des-theaterlabors-darmstadt-in-kooperation-mit-dem-staatstheater-darmstadt\"><img loading=\"lazy\" decoding=\"async\" width=\"480\" height=\"360\" src=\"https:\/\/www.kaischuberseel.de\/wp-content\/uploads\/2018\/05\/Auff\u00fchrung-26.05.2013-3_web-480x360.jpg\" class=\"attachment-sydney-mas-thumb size-sydney-mas-thumb wp-post-image\" alt=\"\" srcset=\"https:\/\/www.kaischuberseel.de\/wp-content\/uploads\/2018\/05\/Auff\u00fchrung-26.05.2013-3_web-480x360.jpg 480w, https:\/\/www.kaischuberseel.de\/wp-content\/uploads\/2018\/05\/Auff\u00fchrung-26.05.2013-3_web-300x225.jpg 300w, https:\/\/www.kaischuberseel.de\/wp-content\/uploads\/2018\/05\/Auff\u00fchrung-26.05.2013-3_web-230x173.jpg 230w, https:\/\/www.kaischuberseel.de\/wp-content\/uploads\/2018\/05\/Auff\u00fchrung-26.05.2013-3_web-350x263.jpg 350w, https:\/\/www.kaischuberseel.de\/wp-content\/uploads\/2018\/05\/Auff\u00fchrung-26.05.2013-3_web.jpg 569w\" sizes=\"auto, (max-width: 480px) 100vw, 480px\" \/><\/a><\/div><div class=\"project-item item isotope-item freie-szene \"><a class=\"project-pop-wrap\" href=\"https:\/\/www.kaischuberseel.de\/?projects=die-querspielerinnen-jugendclub-der-freien-szene-darmstadt-theater-moller-haus\"><div class=\"project-pop\"><\/div><div class=\"project-title-wrap\"><div class=\"project-title\"><span>Die Querspieler*innen \u2013  Jugendclub der Freien Szene Darmstadt; Theater Moller Haus<\/span><\/div><\/div><\/a><a href=\"https:\/\/www.kaischuberseel.de\/?projects=die-querspielerinnen-jugendclub-der-freien-szene-darmstadt-theater-moller-haus\"><img loading=\"lazy\" decoding=\"async\" width=\"480\" height=\"320\" src=\"https:\/\/www.kaischuberseel.de\/wp-content\/uploads\/2018\/05\/Auff\u00fchrung-22_web-480x320.jpg\" class=\"attachment-sydney-mas-thumb size-sydney-mas-thumb wp-post-image\" alt=\"\" srcset=\"https:\/\/www.kaischuberseel.de\/wp-content\/uploads\/2018\/05\/Auff\u00fchrung-22_web-480x320.jpg 480w, https:\/\/www.kaischuberseel.de\/wp-content\/uploads\/2018\/05\/Auff\u00fchrung-22_web-300x200.jpg 300w, https:\/\/www.kaischuberseel.de\/wp-content\/uploads\/2018\/05\/Auff\u00fchrung-22_web-230x153.jpg 230w, https:\/\/www.kaischuberseel.de\/wp-content\/uploads\/2018\/05\/Auff\u00fchrung-22_web-350x234.jpg 350w, https:\/\/www.kaischuberseel.de\/wp-content\/uploads\/2018\/05\/Auff\u00fchrung-22_web-272x182.jpg 272w, https:\/\/www.kaischuberseel.de\/wp-content\/uploads\/2018\/05\/Auff\u00fchrung-22_web.jpg 640w\" sizes=\"auto, (max-width: 480px) 100vw, 480px\" \/><\/a><\/div><div class=\"project-item item isotope-item schulen \"><a class=\"project-pop-wrap\" href=\"https:\/\/www.kaischuberseel.de\/?projects=projekt-des-hoer-sprachzentrums-wilhelmsdorf-in-kooperation-mit-der-hoffmannschule-wilhelmsdorf-der-otto-lilienthal-realschule-wilhelmsdorf-der-grundschule-illmensee-und-der-heimsonderschule-haslach\"><div class=\"project-pop\"><\/div><div class=\"project-title-wrap\"><div class=\"project-title\"><span>TheaterTAGE auf dem Tellerrand<\/span><\/div><\/div><\/a><a href=\"https:\/\/www.kaischuberseel.de\/?projects=projekt-des-hoer-sprachzentrums-wilhelmsdorf-in-kooperation-mit-der-hoffmannschule-wilhelmsdorf-der-otto-lilienthal-realschule-wilhelmsdorf-der-grundschule-illmensee-und-der-heimsonderschule-haslach\"><img loading=\"lazy\" decoding=\"async\" width=\"480\" height=\"320\" src=\"https:\/\/www.kaischuberseel.de\/wp-content\/uploads\/2018\/05\/2015-03-20-Bild3-Theatertage-auf-dem-Tellerrand_Die-Zieglerschen_web-480x320.jpg\" class=\"attachment-sydney-mas-thumb size-sydney-mas-thumb wp-post-image\" alt=\"\" srcset=\"https:\/\/www.kaischuberseel.de\/wp-content\/uploads\/2018\/05\/2015-03-20-Bild3-Theatertage-auf-dem-Tellerrand_Die-Zieglerschen_web-480x320.jpg 480w, https:\/\/www.kaischuberseel.de\/wp-content\/uploads\/2018\/05\/2015-03-20-Bild3-Theatertage-auf-dem-Tellerrand_Die-Zieglerschen_web-300x200.jpg 300w, https:\/\/www.kaischuberseel.de\/wp-content\/uploads\/2018\/05\/2015-03-20-Bild3-Theatertage-auf-dem-Tellerrand_Die-Zieglerschen_web-230x153.jpg 230w, https:\/\/www.kaischuberseel.de\/wp-content\/uploads\/2018\/05\/2015-03-20-Bild3-Theatertage-auf-dem-Tellerrand_Die-Zieglerschen_web-350x234.jpg 350w, https:\/\/www.kaischuberseel.de\/wp-content\/uploads\/2018\/05\/2015-03-20-Bild3-Theatertage-auf-dem-Tellerrand_Die-Zieglerschen_web-272x182.jpg 272w, https:\/\/www.kaischuberseel.de\/wp-content\/uploads\/2018\/05\/2015-03-20-Bild3-Theatertage-auf-dem-Tellerrand_Die-Zieglerschen_web.jpg 640w\" sizes=\"auto, (max-width: 480px) 100vw, 480px\" \/><\/a><\/div><div class=\"project-item item isotope-item schulen theaterhaeuser \"><a class=\"project-pop-wrap\" href=\"https:\/\/www.kaischuberseel.de\/?projects=projekte-an-der-erich-kaestner-schule-in-kooperation-mit-dem-staatstheater-darmstadt\"><div class=\"project-pop\"><\/div><div class=\"project-title-wrap\"><div class=\"project-title\"><span>Projekte an der Erich K\u00e4stner-Schule in Kooperation mit dem Staatstheater Darmstadt<\/span><\/div><\/div><\/a><a href=\"https:\/\/www.kaischuberseel.de\/?projects=projekte-an-der-erich-kaestner-schule-in-kooperation-mit-dem-staatstheater-darmstadt\"><img loading=\"lazy\" decoding=\"async\" width=\"480\" height=\"360\" src=\"https:\/\/www.kaischuberseel.de\/wp-content\/uploads\/2018\/05\/Gruppenbilder_18.09.2015-4_web-480x360.jpg\" class=\"attachment-sydney-mas-thumb size-sydney-mas-thumb wp-post-image\" alt=\"\" srcset=\"https:\/\/www.kaischuberseel.de\/wp-content\/uploads\/2018\/05\/Gruppenbilder_18.09.2015-4_web-480x360.jpg 480w, https:\/\/www.kaischuberseel.de\/wp-content\/uploads\/2018\/05\/Gruppenbilder_18.09.2015-4_web-300x225.jpg 300w, https:\/\/www.kaischuberseel.de\/wp-content\/uploads\/2018\/05\/Gruppenbilder_18.09.2015-4_web-230x173.jpg 230w, https:\/\/www.kaischuberseel.de\/wp-content\/uploads\/2018\/05\/Gruppenbilder_18.09.2015-4_web-350x263.jpg 350w, https:\/\/www.kaischuberseel.de\/wp-content\/uploads\/2018\/05\/Gruppenbilder_18.09.2015-4_web.jpg 569w\" sizes=\"auto, (max-width: 480px) 100vw, 480px\" \/><\/a><\/div><div class=\"project-item item isotope-item festivals \"><a class=\"project-pop-wrap\" href=\"https:\/\/www.kaischuberseel.de\/?projects=starke-stuecke\"><div class=\"project-pop\"><\/div><div class=\"project-title-wrap\"><div class=\"project-title\"><span>Starke St\u00fccke<\/span><\/div><\/div><\/a><a href=\"https:\/\/www.kaischuberseel.de\/?projects=starke-stuecke\"><img loading=\"lazy\" decoding=\"async\" width=\"225\" height=\"225\" src=\"https:\/\/www.kaischuberseel.de\/wp-content\/uploads\/2018\/05\/index.jpg\" class=\"attachment-sydney-mas-thumb size-sydney-mas-thumb wp-post-image\" alt=\"\" srcset=\"https:\/\/www.kaischuberseel.de\/wp-content\/uploads\/2018\/05\/index.jpg 225w, https:\/\/www.kaischuberseel.de\/wp-content\/uploads\/2018\/05\/index-80x80.jpg 80w\" sizes=\"auto, (max-width: 225px) 100vw, 225px\" \/><\/a><\/div><div class=\"project-item item isotope-item festivals \"><a class=\"project-pop-wrap\" href=\"https:\/\/www.kaischuberseel.de\/?projects=auerworld\"><div class=\"project-pop\"><\/div><div class=\"project-title-wrap\"><div class=\"project-title\"><span>Auerworld<\/span><\/div><\/div><\/a><a href=\"https:\/\/www.kaischuberseel.de\/?projects=auerworld\"><img loading=\"lazy\" decoding=\"async\" width=\"225\" height=\"225\" src=\"https:\/\/www.kaischuberseel.de\/wp-content\/uploads\/2018\/05\/images-e1525272710682.png\" class=\"attachment-sydney-mas-thumb size-sydney-mas-thumb wp-post-image\" alt=\"\" \/><\/a><\/div><div class=\"project-item item isotope-item schulen \"><a class=\"project-pop-wrap\" href=\"https:\/\/www.kaischuberseel.de\/?projects=projekt-5\"><div class=\"project-pop\"><\/div><div class=\"project-title-wrap\"><div class=\"project-title\"><span>Projekt an der Gerhart-Hauptmann-Schule R\u00fcsselsheim<\/span><\/div><\/div><\/a><a href=\"https:\/\/www.kaischuberseel.de\/?projects=projekt-5\"><img loading=\"lazy\" decoding=\"async\" width=\"480\" height=\"320\" src=\"https:\/\/www.kaischuberseel.de\/wp-content\/uploads\/2018\/05\/2015-03-20-Bild2-Theatertage-auf-dem-Tellerrand_Die-Zieglerschen_web-480x320.jpg\" class=\"attachment-sydney-mas-thumb size-sydney-mas-thumb wp-post-image\" alt=\"\" srcset=\"https:\/\/www.kaischuberseel.de\/wp-content\/uploads\/2018\/05\/2015-03-20-Bild2-Theatertage-auf-dem-Tellerrand_Die-Zieglerschen_web-480x320.jpg 480w, https:\/\/www.kaischuberseel.de\/wp-content\/uploads\/2018\/05\/2015-03-20-Bild2-Theatertage-auf-dem-Tellerrand_Die-Zieglerschen_web-300x200.jpg 300w, https:\/\/www.kaischuberseel.de\/wp-content\/uploads\/2018\/05\/2015-03-20-Bild2-Theatertage-auf-dem-Tellerrand_Die-Zieglerschen_web-230x153.jpg 230w, https:\/\/www.kaischuberseel.de\/wp-content\/uploads\/2018\/05\/2015-03-20-Bild2-Theatertage-auf-dem-Tellerrand_Die-Zieglerschen_web-350x234.jpg 350w, https:\/\/www.kaischuberseel.de\/wp-content\/uploads\/2018\/05\/2015-03-20-Bild2-Theatertage-auf-dem-Tellerrand_Die-Zieglerschen_web-272x182.jpg 272w, https:\/\/www.kaischuberseel.de\/wp-content\/uploads\/2018\/05\/2015-03-20-Bild2-Theatertage-auf-dem-Tellerrand_Die-Zieglerschen_web.jpg 640w\" sizes=\"auto, (max-width: 480px) 100vw, 480px\" \/><\/a><\/div><div class=\"project-item item isotope-item schulen \"><a class=\"project-pop-wrap\" href=\"https:\/\/www.kaischuberseel.de\/?projects=projekt-4\"><div class=\"project-pop\"><\/div><div class=\"project-title-wrap\"><div class=\"project-title\"><span>Projekte an der Mornewegschule in Kooperation mit der Freien Szene Darmstadt; Theater Moller Haus<\/span><\/div><\/div><\/a><a href=\"https:\/\/www.kaischuberseel.de\/?projects=projekt-4\"><img loading=\"lazy\" decoding=\"async\" width=\"480\" height=\"320\" src=\"https:\/\/www.kaischuberseel.de\/wp-content\/uploads\/2018\/05\/MW_SCHUBER_FREBER_III_web-480x320.jpg\" class=\"attachment-sydney-mas-thumb size-sydney-mas-thumb wp-post-image\" alt=\"\" srcset=\"https:\/\/www.kaischuberseel.de\/wp-content\/uploads\/2018\/05\/MW_SCHUBER_FREBER_III_web-480x320.jpg 480w, https:\/\/www.kaischuberseel.de\/wp-content\/uploads\/2018\/05\/MW_SCHUBER_FREBER_III_web-300x200.jpg 300w, https:\/\/www.kaischuberseel.de\/wp-content\/uploads\/2018\/05\/MW_SCHUBER_FREBER_III_web-230x153.jpg 230w, https:\/\/www.kaischuberseel.de\/wp-content\/uploads\/2018\/05\/MW_SCHUBER_FREBER_III_web-350x234.jpg 350w, https:\/\/www.kaischuberseel.de\/wp-content\/uploads\/2018\/05\/MW_SCHUBER_FREBER_III_web-272x182.jpg 272w, https:\/\/www.kaischuberseel.de\/wp-content\/uploads\/2018\/05\/MW_SCHUBER_FREBER_III_web.jpg 640w\" sizes=\"auto, (max-width: 480px) 100vw, 480px\" \/><\/a><\/div><div class=\"project-item item isotope-item schulen \"><a class=\"project-pop-wrap\" href=\"https:\/\/www.kaischuberseel.de\/?projects=projekt3\"><div class=\"project-pop\"><\/div><div class=\"project-title-wrap\"><div class=\"project-title\"><span>&#8222;Wegenetz&#8220; &#8211; Projekt an der Gutenbergschule in Kooperation mit theatermacher e. V. und dem Jugendhaus \u201eKiste&#8220;<\/span><\/div><\/div><\/a><a href=\"https:\/\/www.kaischuberseel.de\/?projects=projekt3\"><img loading=\"lazy\" decoding=\"async\" width=\"480\" height=\"320\" src=\"https:\/\/www.kaischuberseel.de\/wp-content\/uploads\/2018\/05\/Theater2015-8262_web-480x320.jpg\" class=\"attachment-sydney-mas-thumb size-sydney-mas-thumb wp-post-image\" alt=\"\" srcset=\"https:\/\/www.kaischuberseel.de\/wp-content\/uploads\/2018\/05\/Theater2015-8262_web-480x320.jpg 480w, https:\/\/www.kaischuberseel.de\/wp-content\/uploads\/2018\/05\/Theater2015-8262_web-300x200.jpg 300w, https:\/\/www.kaischuberseel.de\/wp-content\/uploads\/2018\/05\/Theater2015-8262_web-230x153.jpg 230w, https:\/\/www.kaischuberseel.de\/wp-content\/uploads\/2018\/05\/Theater2015-8262_web-350x234.jpg 350w, https:\/\/www.kaischuberseel.de\/wp-content\/uploads\/2018\/05\/Theater2015-8262_web-272x182.jpg 272w, https:\/\/www.kaischuberseel.de\/wp-content\/uploads\/2018\/05\/Theater2015-8262_web.jpg 640w\" sizes=\"auto, (max-width: 480px) 100vw, 480px\" \/><\/a><\/div><div class=\"project-item item isotope-item theaterhaeuser \"><a class=\"project-pop-wrap\" href=\"https:\/\/www.kaischuberseel.de\/?projects=projekt2\"><div class=\"project-pop\"><\/div><div class=\"project-title-wrap\"><div class=\"project-title\"><span>Junges Ensemble am Stadttheater R\u00fcsselsheim (kultur123ruesselsheim)<\/span><\/div><\/div><\/a><a href=\"https:\/\/www.kaischuberseel.de\/?projects=projekt2\"><img loading=\"lazy\" decoding=\"async\" width=\"480\" height=\"320\" src=\"https:\/\/www.kaischuberseel.de\/wp-content\/uploads\/2018\/05\/Abschluss-8_web-480x320.jpg\" class=\"attachment-sydney-mas-thumb size-sydney-mas-thumb wp-post-image\" alt=\"\" srcset=\"https:\/\/www.kaischuberseel.de\/wp-content\/uploads\/2018\/05\/Abschluss-8_web-480x320.jpg 480w, https:\/\/www.kaischuberseel.de\/wp-content\/uploads\/2018\/05\/Abschluss-8_web-300x200.jpg 300w, https:\/\/www.kaischuberseel.de\/wp-content\/uploads\/2018\/05\/Abschluss-8_web-230x153.jpg 230w, https:\/\/www.kaischuberseel.de\/wp-content\/uploads\/2018\/05\/Abschluss-8_web-350x234.jpg 350w, https:\/\/www.kaischuberseel.de\/wp-content\/uploads\/2018\/05\/Abschluss-8_web-272x182.jpg 272w, https:\/\/www.kaischuberseel.de\/wp-content\/uploads\/2018\/05\/Abschluss-8_web.jpg 640w\" sizes=\"auto, (max-width: 480px) 100vw, 480px\" \/><\/a><\/div><\/div><\/div><\/div><!-- \/.project-wrap --><\/div><\/div><\/div><\/div><\/div><div id=\"pg-1804-5\"  class=\"panel-grid panel-has-style\" ><div class=\"siteorigin-panels-stretch panel-row-style panel-row-style-for-1804-5\" style=\"color: #767676;padding: 100px 0; \" data-stretch-type=\"full\" data-hascolor=\"hascolor\" data-overlay=\"true\" data-overlay-color=\"#000000\" ><div id=\"pgc-1804-5-0\"  class=\"panel-grid-cell\" ><div id=\"panel-1804-5-0-0\" class=\"so-panel widget widget_sydney_testimonials sydney_testimonials_widget panel-first-child panel-last-child\" data-index=\"6\" ><div style=\"text-align: left;\" data-title-color=\"#443f3f\" data-headings-color=\"#443f3f\" class=\"panel-widget-style panel-widget-style-for-1804-5-0-0\" >\t\t\t<h3 class=\"widget-title\">STIMMEN<\/h3>\t\t\t<div class=\"col-md-12\">\r\n\t\t\t\t<div class=\"roll-testimonials\" data-autoplay=\"5000\">\r\n\t\t\t\t\t\t\t\t\t\t\t                        <div class=\"customer\">\r\n                            <blockquote class=\"whisper\"><p>\u201eMenschen zu verbinden, bereitet mir gro\u00dfe Freude!\u201c<\/p>\n<p><a href=\"http:\/\/www.kaischuberseel.de\/wp-content\/uploads\/2021\/09\/FRIZZ_DA_082021_PEOPLE.pdf\">Schau Dir hier das komplette Interview an.<\/a><\/p>\n<p>&nbsp;<\/p>\n<p>Quelle: FRIZZmag 08\/2021, Text: Martina Noltemeier, Foto: Klaus Mai<\/p>\n<\/blockquote>                               \r\n                                                            \r\n                            <div class=\"name\">\r\n                            \tInterview im FRIZZ Magazin                            \t<span><\/span>\r\n                            <\/div>\r\n                        <\/div>\r\n\t\t\t\t\t\t\t\t\t\t\t                        <div class=\"customer\">\r\n                            <blockquote class=\"whisper\"><p>Was ihn begeistert, sind generations\u00fcbergreifende Projekte, bei den Regisseur und Gruppe &#8222;partizipativ&#8220; arbeiten &#8211; Der Traum vom Theater<\/p>\n<p><a href=\"http:\/\/www.kaischuberseel.de\/wp-content\/uploads\/2020\/03\/Interview.jpg\">Hier gehts zum Artikel<\/a><\/p>\n<\/blockquote>                               \r\n                                                            \r\n                            <div class=\"name\">\r\n                            \tDarmst\u00e4dter Echo                            \t<span><\/span>\r\n                            <\/div>\r\n                        <\/div>\r\n\t\t\t\t\t\t\t\t\t\t\t                        <div class=\"customer\">\r\n                            <blockquote class=\"whisper\"><p>Er ist ein aufgeschlossener und kommunikativer Mensch. Verweilt er kurze Zeit im Park, trifft er bereits auf einige bekannte Gesichter aus Theater-gruppen. Und wenn ihn jemand aufgrund seines neuen Haarschnitts nicht sofort erkennt, z\u00f6gert er nicht, am\u00fcsiert winkend auf die Person zuzugehen.<\/p>\n<p><a href=\"http:\/\/www.kaischuberseel.de\/wp-content\/uploads\/2018\/07\/Portr\u00e4t-Kai-Schuber-Unterhaltsamer-Malocher-Schokoriegel.pdf\">Hier ein Artikel von mir \u00fcber Kai. Einfach klicken!<\/a><\/p>\n<\/blockquote>                               \r\n                                                            \r\n                            <div class=\"name\">\r\n                            \tFreya Helmst\u00e4tter                            \t<span><\/span>\r\n                            <\/div>\r\n                        <\/div>\r\n\t\t\t\t\t\t\t\t\t<\/div>\r\n\t\t\t<\/div>\t\r\n\r\n\t\t\t\t\r\n\r\n\t<\/div><\/div><\/div><\/div><\/div><div id=\"pg-1804-6\"  class=\"panel-grid panel-has-style\" ><div class=\"siteorigin-panels-stretch panel-row-style panel-row-style-for-1804-6\" style=\"padding: 50px 0; \" data-stretch-type=\"full\" data-overlay=\"true\" data-overlay-color=\"#000000\" ><div id=\"pgc-1804-6-0\"  class=\"panel-grid-cell panel-grid-cell-empty\" ><\/div><\/div><\/div><\/div>","protected":false},"excerpt":{"rendered":"<p>MEIN VERST\u00c4NDNIS VON THEATERARBEIT Theater mit Allen Wir leben alle in einer transkulturellen Welt und in dieser habe ich die Haltung \u201eTheater [&hellip;]<\/p>\n","protected":false},"author":1,"featured_media":0,"parent":0,"menu_order":0,"comment_status":"open","ping_status":"open","template":"page-templates\/page_front-page.php","meta":{"footnotes":""},"class_list":["post-1804","page","type-page","status-publish","hentry"],"_links":{"self":[{"href":"https:\/\/www.kaischuberseel.de\/index.php?rest_route=\/wp\/v2\/pages\/1804","targetHints":{"allow":["GET"]}}],"collection":[{"href":"https:\/\/www.kaischuberseel.de\/index.php?rest_route=\/wp\/v2\/pages"}],"about":[{"href":"https:\/\/www.kaischuberseel.de\/index.php?rest_route=\/wp\/v2\/types\/page"}],"author":[{"embeddable":true,"href":"https:\/\/www.kaischuberseel.de\/index.php?rest_route=\/wp\/v2\/users\/1"}],"replies":[{"embeddable":true,"href":"https:\/\/www.kaischuberseel.de\/index.php?rest_route=%2Fwp%2Fv2%2Fcomments&post=1804"}],"version-history":[{"count":227,"href":"https:\/\/www.kaischuberseel.de\/index.php?rest_route=\/wp\/v2\/pages\/1804\/revisions"}],"predecessor-version":[{"id":2800,"href":"https:\/\/www.kaischuberseel.de\/index.php?rest_route=\/wp\/v2\/pages\/1804\/revisions\/2800"}],"wp:attachment":[{"href":"https:\/\/www.kaischuberseel.de\/index.php?rest_route=%2Fwp%2Fv2%2Fmedia&parent=1804"}],"curies":[{"name":"wp","href":"https:\/\/api.w.org\/{rel}","templated":true}]}}